{"id":6074,"date":"2024-10-23T18:48:50","date_gmt":"2024-10-23T16:48:50","guid":{"rendered":"https:\/\/cpcorella.educacion.navarra.es\/blogs\/?page_id=6074"},"modified":"2024-10-23T18:48:51","modified_gmt":"2024-10-23T16:48:51","slug":"el-organo-de-la-iblesia-de-san-miguel","status":"publish","type":"page","link":"https:\/\/cpcorella.educacion.navarra.es\/blogs\/el-organo-de-la-iblesia-de-san-miguel\/","title":{"rendered":"EL ORGANO DE LA IBLESIA DE SAN MIGUEL"},"content":{"rendered":"\n<p><img loading=\"lazy\" class=\"size-medium wp-image-6075 aligncenter\" src=\"https:\/\/cpcorella.educacion.navarra.es\/blogs\/wp-content\/uploads\/2024\/10\/001-9-300x209.png\" alt=\"\" width=\"300\" height=\"209\" srcset=\"https:\/\/cpcorella.educacion.navarra.es\/blogs\/wp-content\/uploads\/2024\/10\/001-9-300x209.png 300w, https:\/\/cpcorella.educacion.navarra.es\/blogs\/wp-content\/uploads\/2024\/10\/001-9-768x536.png 768w, https:\/\/cpcorella.educacion.navarra.es\/blogs\/wp-content\/uploads\/2024\/10\/001-9-555x387.png 555w, https:\/\/cpcorella.educacion.navarra.es\/blogs\/wp-content\/uploads\/2024\/10\/001-9.png 821w\" sizes=\"(max-width: 300px) 100vw, 300px\" \/><\/p>\n<p>Somos alumnos\/as de la clase de 6\u00ba B y hemos investigado sobre la Parroquia de San Miguel Arc\u00e1ngel de Corella. Nuestro grupo formado por Giulia, Naia, Marcos, Zakaria e Iker vamos a centrarnos concretamente en uno de los mayores atractivos que pod\u00eda tener la iglesia como es el \u00f3rgano, a pesar de que todav\u00eda no est\u00e9 arreglado.<\/p>\n<p>\u00a0<\/p>\n<p>Para cualquier acto lit\u00fargico digno que se precie, especialmente procedente de la \u00e9poca barroca, el \u00f3rgano era el instrumento obligado, tanto por su seriedad como por su variedad de registros, capaces de cautivar al p\u00fablico y conmover especialmente con sonidos que asemejaban la tempestad.<\/p>\n<p>\u00a0<\/p>\n<p>En el caso de la Parroquia de San Miguel, se encuentra ubicado junto al balc\u00f3n del coro alto, habiendo sido instalado all\u00ed el 23 de septiembre de 1732, pues primitivamente se encontraba una habitaci\u00f3n (todav\u00eda existente) sobre la capilla de San Mart\u00edn, donde actualmente est\u00e1 ubicado el retablo colateral de San Pedro (a la izquierda del presbiterio).<\/p>\n<p>\u00a0<\/p>\n<p>El \u00f3rgano consta de dos partes: por un lado, el instrumento y, por otro lado, la caja o fachada. Marcos de Ang\u00f3s (padre del escultor fiterano que dise\u00f1\u00f3 el retablo del Santo Cristo que hemos comentado en este escrito) traz\u00f3 dicho dise\u00f1o de la caja, que fue ejecutada por Jos\u00e9 de Lesaca (maestro ensamblador natural de Ler\u00edn), mientras que los cuatro angelotes fueron realizados en 1728 y 1732 por el tudelano Jos\u00e9 Serrano. En lo que respecta al instrumento como tal, se realiz\u00f3 de las manos del maestro organero Jos\u00e9 de Ripa, tambi\u00e9n natural de Ler\u00edn.<\/p>\n<p>\u00a0<\/p>\n<p>Seg\u00fan las fuentes hist\u00f3ricas, sabemos que Jos\u00e9 de Ripa no hizo el \u00f3rgano de San Miguel de cero, sino que reform\u00f3 el viejo \u201c<em>a\u00f1adi\u00e9ndole de nuevo todo lo expresado en la memoria sobresentada y quedar\u00e1 capaz para una catedra<\/em>l\u201d.<\/p>\n<p>\u00a0<\/p>\n<p>Hay costumbre en Navarra de llamar al \u00f3rgano de San Miguel y al del Rosario como \u201c<em>los gemelos<\/em>\u201d, no precisamente por la decoraci\u00f3n de las cajas y fachadas, pues son diferentes, sino por la gran riqueza y variedad de registros que albergan. Podemos afirmar rotundamente que<\/p>\n<p>ambos \u00f3rganos son los m\u00e1s completos de toda la Ribera de Navarra, incluso muy superiores al de la Catedral de Tudela.<\/p>\n<p>\u00a0<\/p>\n<p>En el a\u00f1o 1900, los hermanos Inchaurbe de Zaragoza, realizaron una serie de reformas y de ajustes, por lo que podemos decir que es un \u00f3rgano del siglo XVIII con partes del siglo XIX.<\/p>\n<p>\u00a0<\/p>\n<p>Lleg\u00f3 otra reforma posterior, cuando toc\u00f3 respetar el sistema de Inchaurbe y cambiar la registraci\u00f3n a electro-imanes, que seg\u00fan ciertas opiniones supuso la p\u00e9rdida (reparable) de su originalidad y en la actualidad (despu\u00e9s de que se arreglara en 1994 al completo, y en 2022 de nuevo) se encuentra sin funcionar en plenitud.<\/p>\n<p>\u00a0<\/p>\n<p>En definitiva, es un \u00f3rgano digno de ver tanto por fuera como por dentro, adem\u00e1s de poder escuchar su impresionante sonido. Ojal\u00e1 que alg\u00fan d\u00eda no lejano se pueda escuchar en las celebraciones y en alg\u00fan concierto.<\/p>\n<p><img loading=\"lazy\" class=\"size-medium wp-image-6076 aligncenter\" src=\"https:\/\/cpcorella.educacion.navarra.es\/blogs\/wp-content\/uploads\/2024\/10\/002-3-204x300.png\" alt=\"\" width=\"204\" height=\"300\" srcset=\"https:\/\/cpcorella.educacion.navarra.es\/blogs\/wp-content\/uploads\/2024\/10\/002-3-204x300.png 204w, https:\/\/cpcorella.educacion.navarra.es\/blogs\/wp-content\/uploads\/2024\/10\/002-3-555x817.png 555w, https:\/\/cpcorella.educacion.navarra.es\/blogs\/wp-content\/uploads\/2024\/10\/002-3.png 652w\" sizes=\"(max-width: 204px) 100vw, 204px\" \/><\/p>\n","protected":false},"excerpt":{"rendered":"<p>Somos alumnos\/as de la clase de 6\u00ba B y hemos investigado sobre la Parroquia de San Miguel Arc\u00e1ngel de Corella. Nuestro grupo formado por Giulia, Naia, Marcos, Zakaria e Iker vamos a centrarnos concretamente en uno de los mayores atractivos que pod\u00eda tener la iglesia como es el \u00f3rgano, a pesar de que todav\u00eda no &hellip; <\/p>\n<p><a class=\"more-link btn\" href=\"https:\/\/cpcorella.educacion.navarra.es\/blogs\/el-organo-de-la-iblesia-de-san-miguel\/\">Continue reading<\/a><\/p>\n","protected":false},"author":6,"featured_media":0,"parent":0,"menu_order":0,"comment_status":"closed","ping_status":"closed","template":"","meta":[],"_links":{"self":[{"href":"https:\/\/cpcorella.educacion.navarra.es\/blogs\/wp-json\/wp\/v2\/pages\/6074"}],"collection":[{"href":"https:\/\/cpcorella.educacion.navarra.es\/blogs\/wp-json\/wp\/v2\/pages"}],"about":[{"href":"https:\/\/cpcorella.educacion.navarra.es\/blogs\/wp-json\/wp\/v2\/types\/page"}],"author":[{"embeddable":true,"href":"https:\/\/cpcorella.educacion.navarra.es\/blogs\/wp-json\/wp\/v2\/users\/6"}],"replies":[{"embeddable":true,"href":"https:\/\/cpcorella.educacion.navarra.es\/blogs\/wp-json\/wp\/v2\/comments?post=6074"}],"version-history":[{"count":1,"href":"https:\/\/cpcorella.educacion.navarra.es\/blogs\/wp-json\/wp\/v2\/pages\/6074\/revisions"}],"predecessor-version":[{"id":6079,"href":"https:\/\/cpcorella.educacion.navarra.es\/blogs\/wp-json\/wp\/v2\/pages\/6074\/revisions\/6079"}],"wp:attachment":[{"href":"https:\/\/cpcorella.educacion.navarra.es\/blogs\/wp-json\/wp\/v2\/media?parent=6074"}],"curies":[{"name":"wp","href":"https:\/\/api.w.org\/{rel}","templated":true}]}}