{"id":6060,"date":"2024-10-23T18:42:18","date_gmt":"2024-10-23T16:42:18","guid":{"rendered":"https:\/\/cpcorella.educacion.navarra.es\/blogs\/?page_id=6060"},"modified":"2024-10-23T18:42:19","modified_gmt":"2024-10-23T16:42:19","slug":"historia-del-templo","status":"publish","type":"page","link":"https:\/\/cpcorella.educacion.navarra.es\/blogs\/historia-del-templo\/","title":{"rendered":"HISTORIA DEL TEMPLO"},"content":{"rendered":"\n<p><img loading=\"lazy\" class=\"size-medium wp-image-6061 aligncenter\" src=\"https:\/\/cpcorella.educacion.navarra.es\/blogs\/wp-content\/uploads\/2024\/10\/001-3-1-300x226.png\" alt=\"\" width=\"300\" height=\"226\" srcset=\"https:\/\/cpcorella.educacion.navarra.es\/blogs\/wp-content\/uploads\/2024\/10\/001-3-1-300x226.png 300w, https:\/\/cpcorella.educacion.navarra.es\/blogs\/wp-content\/uploads\/2024\/10\/001-3-1-1024x773.png 1024w, https:\/\/cpcorella.educacion.navarra.es\/blogs\/wp-content\/uploads\/2024\/10\/001-3-1-768x580.png 768w, https:\/\/cpcorella.educacion.navarra.es\/blogs\/wp-content\/uploads\/2024\/10\/001-3-1-1536x1159.png 1536w, https:\/\/cpcorella.educacion.navarra.es\/blogs\/wp-content\/uploads\/2024\/10\/001-3-1-555x419.png 555w, https:\/\/cpcorella.educacion.navarra.es\/blogs\/wp-content\/uploads\/2024\/10\/001-3-1.png 1680w\" sizes=\"(max-width: 300px) 100vw, 300px\" \/><\/p>\n<p>Somos alumnos\/as de la clase de 6\u00ba B y hemos investigado sobre la Parroquia de San Miguel Arc\u00e1ngel de Corella. Nuestro grupo formado por Naroa, Lena, Mathias, Bruno y Alain vamos a centrarnos en la historia del templo como edificio, para conocer m\u00e1s a fondo su construcci\u00f3n, etapas, etc.<\/p>\n<p><strong>\u00a0<\/strong><\/p>\n<p><strong>Historia constructiva:\u00a0\u00a0\u00a0\u00a0\u00a0\u00a0\u00a0\u00a0\u00a0\u00a0\u00a0\u00a0\u00a0\u00a0\u00a0\u00a0\u00a0\u00a0\u00a0\u00a0\u00a0\u00a0\u00a0\u00a0\u00a0\u00a0\u00a0\u00a0\u00a0\u00a0\u00a0\u00a0\u00a0\u00a0\u00a0\u00a0\u00a0\u00a0\u00a0\u00a0\u00a0\u00a0\u00a0\u00a0\u00a0\u00a0\u00a0\u00a0\u00a0\u00a0\u00a0\u00a0\u00a0\u00a0\u00a0\u00a0\u00a0\u00a0\u00a0\u00a0\u00a0\u00a0\u00a0\u00a0\u00a0\u00a0\u00a0\u00a0\u00a0\u00a0\u00a0\u00a0\u00a0\u00a0\u00a0\u00a0\u00a0\u00a0\u00a0\u00a0 \u00a0\u00a0\u00a0\u00a0\u00a0\u00a0\u00a0\u00a0\u00a0\u00a0\u00a0\u00a0\u00a0\u00a0\u00a0\u00a0\u00a0\u00a0\u00a0\u00a0\u00a0\u00a0\u00a0\u00a0\u00a0\u00a0\u00a0\u00a0\u00a0\u00a0\u00a0\u00a0\u00a0\u00a0\u00a0\u00a0\u00a0\u00a0\u00a0\u00a0\u00a0\u00a0\u00a0\u00a0\u00a0\u00a0\u00a0\u00a0\u00a0\u00a0\u00a0\u00a0\u00a0\u00a0\u00a0\u00a0\u00a0\u00a0\u00a0\u00a0\u00a0\u00a0\u00a0\u00a0\u00a0\u00a0\u00a0\u00a0\u00a0\u00a0\u00a0\u00a0\u00a0\u00a0\u00a0\u00a0\u00a0\u00a0\u00a0\u00a0\u00a0\u00a0\u00a0\u00a0\u00a0\u00a0\u00a0\u00a0\u00a0\u00a0\u00a0\u00a0\u00a0\u00a0\u00a0\u00a0\u00a0\u00a0\u00a0\u00a0\u00a0\u00a0\u00a0\u00a0\u00a0\u00a0\u00a0\u00a0\u00a0\u00a0\u00a0\u00a0\u00a0\u00a0\u00a0\u00a0\u00a0\u00a0\u00a0\u00a0\u00a0\u00a0\u00a0\u00a0\u00a0\u00a0\u00a0\u00a0\u00a0\u00a0\u00a0\u00a0\u00a0\u00a0\u00a0\u00a0\u00a0\u00a0\u00a0\u00a0\u00a0\u00a0\u00a0\u00a0\u00a0\u00a0\u00a0\u00a0\u00a0\u00a0\u00a0\u00a0\u00a0\u00a0\u00a0\u00a0\u00a0\u00a0\u00a0\u00a0\u00a0\u00a0\u00a0\u00a0\u00a0\u00a0\u00a0\u00a0\u00a0\u00a0\u00a0\u00a0\u00a0\u00a0\u00a0\u00a0\u00a0\u00a0\u00a0\u00a0\u00a0\u00a0\u00a0\u00a0\u00a0\u00a0\u00a0\u00a0\u00a0\u00a0\u00a0\u00a0\u00a0\u00a0\u00a0\u00a0\u00a0\u00a0\u00a0\u00a0\u00a0\u00a0\u00a0\u00a0\u00a0\u00a0\u00a0\u00a0\u00a0<\/strong><\/p>\n<p>La Parroquia de San Miguel de Corella es el templo parroquial m\u00e1s antiguo de la ciudad. Por los restos m\u00e1s antiguos que se conservan podemos afirmar su pasado rom\u00e1nico, que despu\u00e9s llegar\u00eda a m\u00e1s esplendor en la \u00e9poca g\u00f3tica y, al estado en que hoy la conocemos, fruto de las reformas barrocas.<\/p>\n<p>\u00a0<\/p>\n<p>A la iglesia g\u00f3tica con cabecera poligonal construida en el siglo XV, se le a\u00f1adieron capillas laterales en aquella misma centuria, tan solo han llegado a nuestros d\u00edas la capilla de San Mart\u00edn (al lado izquierdo del retablo mayor) y parte de los muros perimetrales del \u00e1bside y crucero primitivos as\u00ed como la sacrist\u00eda g\u00f3tica.<\/p>\n<p>\u00a0<\/p>\n<p>Su configuraci\u00f3n definitiva se llev\u00f3 a cabo gracias a las sucesivas ampliaciones y remodelaciones que dieron como resultado el templo actual, por ello ofrece una fisonom\u00eda de acentuado cu\u00f1o barroco.<\/p>\n<p>\u00a0<\/p>\n<p>Cronol\u00f3gicamente entre 1643 y 1649 se documenta la primera ampliaci\u00f3n de la f\u00e1brica medieval, a la que se a\u00f1adieron dos nuevos tramos a la nave central\u00a0 y una nueva fachada a los pies, que a lo largo del tiempo, desaparecer\u00eda. Siguiendo los planos del arquitecto de Alfaro Domingo de Aguerri, los art\u00edfices de esta fase constructiva\u00a0 fueron el cantero guipuzcoano afincado en Calahorra, Domingo de Osabiaga, y el maestro de obras corellano Esteban de Echeverr\u00eda.<\/p>\n<p>\u00a0<\/p>\n<p>Pero fue entre 1696 y 1707 cuando se acometi\u00f3 una segunda y desde luego trascendental ampliaci\u00f3n de la parroquia. El deterioro progresivo de la iglesia primitiva, el aumento de la poblaci\u00f3n y la bonanza econ\u00f3mica que viv\u00eda la ciudad fueron motivos que alentaron las nuevas obras. El proyecto ofrecido por los maestros Santiago Ra\u00f3n, Juan Mart\u00ednez y el tracista dominico fray Anciento de Aisa dot\u00f3 la parroquia inicialmente de una nueva cabecera y crucero sobre el viejo \u00e1bside y nave medieval, y de sendas naves laterales.<\/p>\n<p>\u00a0<\/p>\n<p>Finalmente entre 1712 y 1720, en una nueva ampliaci\u00f3n, se ejecut\u00f3 todo el cuerpo de los pies con su fachada y sus torres laterales. Intervinieron en esta \u00faltima fase constructiva los maestros Juan de Arg\u00f3s y Echeverr\u00eda, su hijo Juan de Arg\u00f3s y Aldu\u00e1n, Juan Navarro y Villafranca y Juan Antonio Jim\u00e9nez y Romano.<\/p>\n<p>\u00a0<\/p>\n<p>A lo largo del siglo XVII se llevar\u00e1n a cabo otras obras en la parroquia, ahora bien, de menor entidad,\u00a0 como la reconstrucci\u00f3n de la c\u00fapula en 1761, la consolidaci\u00f3n de las torres en 1797-1798 y la construcci\u00f3n de una nueva fachada hacia la calle de la Reja que acometi\u00f3 en 1794 Juan Jos\u00e9 Arijita, siguiendo el proyecto del pintor de Cascante Diego D\u00edaz del Valle.<\/p>\n<p>\u00a0<\/p>\n<p><strong>Estructura general:<\/strong><\/p>\n<p>La Parroquia de San Miguel se configura como una iglesia de tres naves con cabecera pentagonal y crucero.<\/p>\n<p>\u00a0<\/p>\n<p>Aunque al ver su interior pueda sorprender al espectador por su decoraci\u00f3n barroca, a excepci\u00f3n de los retablos, toda la pintura del templo es moderna, ya que despu\u00e9s de haber encalado y pintado de azul y blanco todo el interior de la iglesia para evitar la propagaci\u00f3n de enfermedades, en la pen\u00faltima reforma de 1948 se policrom\u00f3 la iglesia siguiendo la est\u00e9tica barroca, gracias a los pinceles de Ceferino Caba\u00f1as Palomar y Jacinto Alc\u00e1ntara, quienes pintaron muros y b\u00f3vedas, enlazando sus dise\u00f1os con los gustos barrocos imperantes en la iglesia.<\/p>\n<p>\u00a0<\/p>\n<p>La fachada del templo, terminada en 1901 se encuentra compuesta por un paramento central flanqueado por dos torres que aloja, a la manera de un retablo, una portada p\u00e9trea con arco de medio punto entre pilastras cl\u00e1sicas coronada por una hornacina que tuvo una escultura renacentista de San Miguel.<\/p>\n<p>\u00a0<\/p>\n<p>Ya por encima, una ventana central, escoltada por dos escudos de alabastro de la ciudad de Corella, da paso al remate superior que, como una espada\u00f1a, se articula por pilastras entre las que se situaba una talla de San Pedro realizada en 1603.<\/p>\n<p>\u00a0<\/p>\n<p>Por su parte las torres laterales, que albergan sendas portadas ciegas en la parte inferior, se componen de varios cuerpos que dotan a la fachada de gran majestuosidad. Se caracterizan por la plasticidad de sus paramentos gracias al juego geom\u00e9trico y la disposici\u00f3n del ladrillo que, de manera almohadillada, cubre todo el cuerpo inferior invadiendo las esbeltas.<\/p>\n<p>\u00a0<\/p>\n<p><strong>Exorno art\u00edstico<\/strong><\/p>\n<p>El interior de la parroquia acoge un conjunto de retablos en el que destaca, sin lugar a dudas, el monumental retablo mayor, construido por el maestro Juan Antonio Gutierrez entre 1718 y 1722, si bien no ser\u00eda hasta 1790 cuando, por suscripci\u00f3n popular, se llevar\u00eda a cabo su dorado de manos de Jose Saenz de Inestrillas. Fue desde luego en el momento de su ejecuci\u00f3n un retablo vanguardista, pues incorpor\u00f3, tanto en su estructura como especialmente en su decoraci\u00f3n, muchas de las novedades que por entonces los grandes artistas espa\u00f1oles como Jos\u00e9 Benito de Churriguera estaban introduciendo en la villa y Corte de Madrid.<\/p>\n<p>\u00a0<\/p>\n<p>La iglesia posee asimismo numerosos retablos, la mayor parte del siglo XVIII, destacando entre ellos, bajo una impronta ya rococ\u00f3, los retablos sim\u00e9tricos situados en el crucero dedicados a San Pedro y Santiago, para los que se siguieron el dise\u00f1o de Diego de Camporredondo en 1765 y 1767.<\/p>\n<p>\u00a0<\/p>\n<p>La fisonom\u00eda barroca del templo queda remarcada por diversas piezas todas ellas dieciochescas, si bien entre las obras de mayor antig\u00fcedad resalta el crucificado g\u00f3tico del XV, de estilo flamenco, ubicado en el tramo de los pies.<\/p>\n<p>\u00a0<\/p>\n<p>En definitiva es uno de los m\u00e1s importantes templos que tiene la ciudad del barroco y que merece la pena conocer, m\u00e1s particularmente su interior.<\/p>\n<p><img loading=\"lazy\" class=\" wp-image-6062 aligncenter\" src=\"https:\/\/cpcorella.educacion.navarra.es\/blogs\/wp-content\/uploads\/2024\/10\/002-5-300x213.jpg\" alt=\"\" width=\"508\" height=\"361\" srcset=\"https:\/\/cpcorella.educacion.navarra.es\/blogs\/wp-content\/uploads\/2024\/10\/002-5-300x213.jpg 300w, https:\/\/cpcorella.educacion.navarra.es\/blogs\/wp-content\/uploads\/2024\/10\/002-5-555x395.jpg 555w, https:\/\/cpcorella.educacion.navarra.es\/blogs\/wp-content\/uploads\/2024\/10\/002-5.jpg 579w\" sizes=\"(max-width: 508px) 100vw, 508px\" \/><\/p>\n","protected":false},"excerpt":{"rendered":"<p>Somos alumnos\/as de la clase de 6\u00ba B y hemos investigado sobre la Parroquia de San Miguel Arc\u00e1ngel de Corella. Nuestro grupo formado por Naroa, Lena, Mathias, Bruno y Alain vamos a centrarnos en la historia del templo como edificio, para conocer m\u00e1s a fondo su construcci\u00f3n, etapas, etc. \u00a0 Historia constructiva:\u00a0\u00a0\u00a0\u00a0\u00a0\u00a0\u00a0\u00a0\u00a0\u00a0\u00a0\u00a0\u00a0\u00a0\u00a0\u00a0\u00a0\u00a0\u00a0\u00a0\u00a0\u00a0\u00a0\u00a0\u00a0\u00a0\u00a0\u00a0\u00a0\u00a0\u00a0\u00a0\u00a0\u00a0\u00a0\u00a0\u00a0\u00a0\u00a0\u00a0\u00a0\u00a0\u00a0\u00a0\u00a0\u00a0\u00a0\u00a0\u00a0\u00a0\u00a0\u00a0\u00a0\u00a0\u00a0\u00a0\u00a0\u00a0\u00a0\u00a0\u00a0\u00a0\u00a0\u00a0\u00a0\u00a0\u00a0\u00a0\u00a0\u00a0\u00a0\u00a0\u00a0\u00a0\u00a0\u00a0\u00a0\u00a0\u00a0\u00a0 \u00a0\u00a0\u00a0\u00a0\u00a0\u00a0\u00a0\u00a0\u00a0\u00a0\u00a0\u00a0\u00a0\u00a0\u00a0\u00a0\u00a0\u00a0\u00a0\u00a0\u00a0\u00a0\u00a0\u00a0\u00a0\u00a0\u00a0\u00a0\u00a0\u00a0\u00a0\u00a0\u00a0\u00a0\u00a0\u00a0\u00a0\u00a0\u00a0\u00a0\u00a0\u00a0\u00a0\u00a0\u00a0\u00a0\u00a0\u00a0\u00a0\u00a0\u00a0\u00a0\u00a0\u00a0\u00a0\u00a0\u00a0\u00a0\u00a0\u00a0\u00a0\u00a0\u00a0\u00a0\u00a0\u00a0\u00a0\u00a0\u00a0\u00a0\u00a0\u00a0\u00a0\u00a0\u00a0\u00a0\u00a0\u00a0\u00a0\u00a0\u00a0\u00a0\u00a0\u00a0\u00a0\u00a0\u00a0\u00a0\u00a0\u00a0\u00a0\u00a0\u00a0\u00a0\u00a0\u00a0\u00a0\u00a0\u00a0\u00a0\u00a0\u00a0\u00a0\u00a0\u00a0\u00a0\u00a0\u00a0\u00a0\u00a0\u00a0\u00a0\u00a0\u00a0\u00a0\u00a0\u00a0\u00a0\u00a0\u00a0\u00a0\u00a0\u00a0\u00a0\u00a0\u00a0\u00a0\u00a0\u00a0\u00a0\u00a0\u00a0\u00a0\u00a0\u00a0\u00a0\u00a0\u00a0\u00a0\u00a0\u00a0\u00a0\u00a0\u00a0\u00a0\u00a0\u00a0\u00a0\u00a0\u00a0\u00a0\u00a0\u00a0\u00a0\u00a0\u00a0\u00a0\u00a0\u00a0\u00a0\u00a0\u00a0\u00a0\u00a0\u00a0\u00a0\u00a0\u00a0\u00a0\u00a0\u00a0\u00a0\u00a0\u00a0\u00a0\u00a0\u00a0\u00a0\u00a0\u00a0\u00a0\u00a0\u00a0\u00a0\u00a0\u00a0\u00a0\u00a0\u00a0\u00a0\u00a0\u00a0\u00a0\u00a0\u00a0\u00a0\u00a0\u00a0\u00a0\u00a0\u00a0\u00a0\u00a0\u00a0\u00a0\u00a0\u00a0\u00a0\u00a0 La Parroquia &hellip; <\/p>\n<p><a class=\"more-link btn\" href=\"https:\/\/cpcorella.educacion.navarra.es\/blogs\/historia-del-templo\/\">Continue reading<\/a><\/p>\n","protected":false},"author":6,"featured_media":0,"parent":0,"menu_order":0,"comment_status":"closed","ping_status":"closed","template":"","meta":[],"_links":{"self":[{"href":"https:\/\/cpcorella.educacion.navarra.es\/blogs\/wp-json\/wp\/v2\/pages\/6060"}],"collection":[{"href":"https:\/\/cpcorella.educacion.navarra.es\/blogs\/wp-json\/wp\/v2\/pages"}],"about":[{"href":"https:\/\/cpcorella.educacion.navarra.es\/blogs\/wp-json\/wp\/v2\/types\/page"}],"author":[{"embeddable":true,"href":"https:\/\/cpcorella.educacion.navarra.es\/blogs\/wp-json\/wp\/v2\/users\/6"}],"replies":[{"embeddable":true,"href":"https:\/\/cpcorella.educacion.navarra.es\/blogs\/wp-json\/wp\/v2\/comments?post=6060"}],"version-history":[{"count":1,"href":"https:\/\/cpcorella.educacion.navarra.es\/blogs\/wp-json\/wp\/v2\/pages\/6060\/revisions"}],"predecessor-version":[{"id":6065,"href":"https:\/\/cpcorella.educacion.navarra.es\/blogs\/wp-json\/wp\/v2\/pages\/6060\/revisions\/6065"}],"wp:attachment":[{"href":"https:\/\/cpcorella.educacion.navarra.es\/blogs\/wp-json\/wp\/v2\/media?parent=6060"}],"curies":[{"name":"wp","href":"https:\/\/api.w.org\/{rel}","templated":true}]}}