{"id":5996,"date":"2024-10-23T18:14:35","date_gmt":"2024-10-23T16:14:35","guid":{"rendered":"https:\/\/cpcorella.educacion.navarra.es\/blogs\/?page_id=5996"},"modified":"2024-10-23T18:14:35","modified_gmt":"2024-10-23T16:14:35","slug":"los-marqueses-de-bajamar-en-la-historia","status":"publish","type":"page","link":"https:\/\/cpcorella.educacion.navarra.es\/blogs\/los-marqueses-de-bajamar-en-la-historia\/","title":{"rendered":"LOS MARQUESES DE BAJAMAR EN LA HISTORIA\u00a0\u00a0\u00a0\u00a0"},"content":{"rendered":"\n<p><\/p>\n\n\n\n<p>Somos alumnos\/as de la clase de 6\u00ba E y hemos investigado sobre el palacio de los Marqueses de Bajamar.. Nuestro grupo formado por Salma, Wijdan, Israel, Iker y Miranda vamos a centrarnos m\u00e1s concretamente en la historia de la familia Porlier, con el t\u00edtulo nobiliario de los Marqueses de Bajamar.\u00a0 <br \/><br \/><\/p>\n<p>La familia de los Porlier, Marqueses de Bajamar, que afincaron de un modo absoluto en Corella al enlazar con los Mi\u00f1ano,provienen de Ecoven, en Francia, de donde pasaron a Espa\u00f1a, estableci\u00e9ndose en Tenerife. El primero en venir a las islas fue: D.Esteban Porlier, D\u00aa. Maria Josefa Porlier y Sopranis, D\u00aa. Felipa, D.Antonio Porlier.<\/p>\n<p>\u00a0<\/p>\n<p>El Marqueses de Bajamar es un\u00a0 creado por el rey en favor de Antonio de Porlier y Sopranis, fiscal del, secretario del Despacho Universal de Gracia y Justicia de Indias etc., mediante\u00a0 del\u00a0 de marzo de 1791 y real despacho otorgado once d\u00edas despu\u00e9s del nacimiento de Antonio Porlier.<\/p>\n<p>\u00a0<\/p>\n<p>D.Esteban Porlier y S\u00e1enz de Asteguieta segundo Marqu\u00e9s de Bajamar, Mariscal de campo caballero de Santiago, gran Cruz de San Hermenegildo, Cruz de San Fernando de tercera clase etc.<\/p>\n<p><img loading=\"lazy\" class=\"wp-image-5997 aligncenter\" src=\"https:\/\/cpcorella.educacion.navarra.es\/blogs\/wp-content\/uploads\/2024\/10\/001-4.png\" alt=\"\" width=\"653\" height=\"490\" srcset=\"https:\/\/cpcorella.educacion.navarra.es\/blogs\/wp-content\/uploads\/2024\/10\/001-4.png 800w, https:\/\/cpcorella.educacion.navarra.es\/blogs\/wp-content\/uploads\/2024\/10\/001-4-300x225.png 300w, https:\/\/cpcorella.educacion.navarra.es\/blogs\/wp-content\/uploads\/2024\/10\/001-4-768x576.png 768w, https:\/\/cpcorella.educacion.navarra.es\/blogs\/wp-content\/uploads\/2024\/10\/001-4-555x416.png 555w\" sizes=\"(max-width: 653px) 100vw, 653px\" \/><\/p>\n<p>El t\u00edtulo de Marqu\u00e9s de Bajamar hace referencia a la localidad espa\u00f1ola de Bajamar, en la isla de Tenerife, provincia de Santa Cruz de Tenerife , donde la familia Sopranis pose\u00eda desde varias generaciones una hacienda y una ermita dedicada al m\u00e1rtir San Esteban.<\/p>\n<p>\u00a0<\/p>\n<p>Antoni Porlier nacio el dia 16 de marzo del 1722 y fue marqu\u00e9s desde 1791 hasta 1813. Estudi\u00f3 en la Academia de Bellas Artes de San Fernando en 1776.<\/p>\n<p>\u00a0<\/p>\n<p>Fue jurista, historiador y pol\u00edtico ilustrado espa\u00f1ol. La concesi\u00f3n del Marques a Antonio Porlier y Sopranis tuvo lugar por real c\u00e9dula del rey Carlos III el 1 de marzo de 1791. Se cas\u00f3 en el 30 de julio de 1765 con Mar\u00eda Josefa Asteguieta.<\/p>\n<p>\u00a0<\/p>\n<p>Frente al Ayuntamiento se encuentra la casa familiar del matrimonio formado en 1659 por Jose\u0301 Min\u0303ano y Clara Eugenia de Sesma.<\/p>\n<p>\u00a0<\/p>\n<p>\u00bfCuando se hizo la casa de los Marqueses en Corella?<\/p>\n<p>El primero, licenciado en leyes por la Universidad de Alcala\u0301 y hombre de negocios asociados al comercio lanar, proveni\u0301a de la estirpe de los Min\u0303ano -instalados en Corella por el matrimonio del que naceri\u0301a Jose\u0301: Gabriel Min\u0303ano y Mendoza y la corellana Isabel de Cabia, cuyos .miembros mantuvieron en la primera mitad del siglo XVIII el tercer lugar en la exportacio\u0301n de sacas de lana a Francia despue\u0301s de los Virto y los Sesma, familia a la cual perteneci\u0301a Clara Eugenia.<\/p>\n<p><strong>\u00a0<\/strong><\/p>\n<p><strong>La siguiente tabla explica todos los Marqueses de Bajamar que ha tenido la historia, hasta el \u00faltimo, que falleci\u00f3 en marzo de 2024.<\/strong><\/p>\n<p>\u00a0<\/p>\n<table width=\"527\">\n<tbody>\n<tr>\n<td width=\"75\">\n<p><strong>Titular<\/strong><\/p>\n<\/td>\n<td width=\"361\">\n<p><strong>Periodo<\/strong><\/p>\n<\/td>\n<td width=\"91\">\n<p><strong>FECHA<\/strong><\/p>\n<\/td>\n<\/tr>\n<tr>\n<td colspan=\"3\" width=\"527\">\n<p><strong>Creaci\u00f3n por Carlos IV<\/strong><\/p>\n<\/td>\n<\/tr>\n<tr>\n<td width=\"75\">\n<p>I<\/p>\n<\/td>\n<td width=\"361\">\n<p><a href=\"https:\/\/es.wikipedia.org\/wiki\/Antonio_Porlier_y_Sopranis\">Antonio Porlier y Sopranis<\/a><\/p>\n<\/td>\n<td width=\"91\">\n<p>1791-1813<\/p>\n<\/td>\n<\/tr>\n<tr>\n<td width=\"75\">\n<p>II<\/p>\n<\/td>\n<td width=\"361\">\n<p>Esteban de Porlier y S\u00e1enz de Asteguieta<\/p>\n<\/td>\n<td width=\"91\">\n<p>1814-1836<\/p>\n<\/td>\n<\/tr>\n<tr>\n<td width=\"75\">\n<p>III<\/p>\n<\/td>\n<td width=\"361\">\n<p>Antonio Domingo de Porlier y S\u00e1enz de Asteguieta<\/p>\n<\/td>\n<td width=\"91\">\n<p>1837-1839<\/p>\n<\/td>\n<\/tr>\n<tr>\n<td width=\"75\">\n<p>IV<\/p>\n<\/td>\n<td width=\"361\">\n<p>Donato de Porlier y Mi\u00f1ano<\/p>\n<\/td>\n<td width=\"91\">\n<p>1840-1850<\/p>\n<\/td>\n<\/tr>\n<tr>\n<td width=\"75\">\n<p>V<\/p>\n<\/td>\n<td width=\"361\">\n<p>Antonio Jos\u00e9 Porlier y Mi\u00f1ano<\/p>\n<\/td>\n<td width=\"91\">\n<p>1859-1885<\/p>\n<\/td>\n<\/tr>\n<tr>\n<td width=\"75\">\n<p>VI<\/p>\n<\/td>\n<td width=\"361\">\n<p>Antonio Polier y Lasquetty<\/p>\n<\/td>\n<td width=\"91\">\n<p>1886-1941<\/p>\n<\/td>\n<\/tr>\n<tr>\n<td width=\"75\">\n<p>VII<\/p>\n<\/td>\n<td width=\"361\">\n<p>Antonio Ignacio de Porlier y Ugarte<\/p>\n<\/td>\n<td width=\"91\">\n<p>1950-1973<\/p>\n<\/td>\n<\/tr>\n<tr>\n<td width=\"75\">\n<p>VIII<\/p>\n<\/td>\n<td width=\"361\">\n<p>Antonio Francisco de Paula de Porlier y Jarava<\/p>\n<\/td>\n<td width=\"91\">\n<p>1974-2024<\/p>\n<\/td>\n<\/tr>\n<\/tbody>\n<\/table>\n<p>\u00a0<\/p>\n<p>\u00a0<\/p>\n<p>\u00a0<\/p>\n<p>\u00a0<\/p>\n<p>\u00a0<\/p>\n<p>\u00a0<\/p>\n<p>\u00a0<\/p>\n<p>\u00a0<\/p>\n<p>\u00a0<\/p>\n<p>\u00a0<\/p>\n<p>\u00a0<\/p>\n<p>\u00a0<\/p>\n<p>\u00a0<\/p>\n","protected":false},"excerpt":{"rendered":"<p>Somos alumnos\/as de la clase de 6\u00ba E y hemos investigado sobre el palacio de los Marqueses de Bajamar.. Nuestro grupo formado por Salma, Wijdan, Israel, Iker y Miranda vamos a centrarnos m\u00e1s concretamente en la historia de la familia Porlier, con el t\u00edtulo nobiliario de los Marqueses de Bajamar.\u00a0 La familia de los Porlier, &hellip; <\/p>\n<p><a class=\"more-link btn\" href=\"https:\/\/cpcorella.educacion.navarra.es\/blogs\/los-marqueses-de-bajamar-en-la-historia\/\">Continue reading<\/a><\/p>\n","protected":false},"author":6,"featured_media":0,"parent":0,"menu_order":0,"comment_status":"closed","ping_status":"closed","template":"","meta":[],"_links":{"self":[{"href":"https:\/\/cpcorella.educacion.navarra.es\/blogs\/wp-json\/wp\/v2\/pages\/5996"}],"collection":[{"href":"https:\/\/cpcorella.educacion.navarra.es\/blogs\/wp-json\/wp\/v2\/pages"}],"about":[{"href":"https:\/\/cpcorella.educacion.navarra.es\/blogs\/wp-json\/wp\/v2\/types\/page"}],"author":[{"embeddable":true,"href":"https:\/\/cpcorella.educacion.navarra.es\/blogs\/wp-json\/wp\/v2\/users\/6"}],"replies":[{"embeddable":true,"href":"https:\/\/cpcorella.educacion.navarra.es\/blogs\/wp-json\/wp\/v2\/comments?post=5996"}],"version-history":[{"count":1,"href":"https:\/\/cpcorella.educacion.navarra.es\/blogs\/wp-json\/wp\/v2\/pages\/5996\/revisions"}],"predecessor-version":[{"id":6000,"href":"https:\/\/cpcorella.educacion.navarra.es\/blogs\/wp-json\/wp\/v2\/pages\/5996\/revisions\/6000"}],"wp:attachment":[{"href":"https:\/\/cpcorella.educacion.navarra.es\/blogs\/wp-json\/wp\/v2\/media?parent=5996"}],"curies":[{"name":"wp","href":"https:\/\/api.w.org\/{rel}","templated":true}]}}