{"id":5990,"date":"2024-10-23T18:11:47","date_gmt":"2024-10-23T16:11:47","guid":{"rendered":"https:\/\/cpcorella.educacion.navarra.es\/blogs\/?page_id=5990"},"modified":"2024-10-23T18:11:47","modified_gmt":"2024-10-23T16:11:47","slug":"rosendo-porlier-y-la-antartida-%ef%bf%bc","status":"publish","type":"page","link":"https:\/\/cpcorella.educacion.navarra.es\/blogs\/rosendo-porlier-y-la-antartida-%ef%bf%bc\/","title":{"rendered":"ROSENDO PORLIER Y LA ANT\u00c1RTIDA \ufffc"},"content":{"rendered":"\n<p>Somos alumnos\/as de la clase de 6\u00ba E y hemos investigado sobre el palacio de los Marqueses de Bajamar.. Nuestro grupo formado por Natasha B., Soufyan B., Youssef S., Mohamed K. y Victor M. vamos a centrarnos m\u00e1s concretamente en la figura de Rosendo Porlier y su viaje a la Ant\u00e1rtida.<\/p>\n<p>\u00a0\u00a0\u00a0\u00a0\u00a0\u00a0\u00a0\u00a0\u00a0\u00a0\u00a0\u00a0\u00a0\u00a0\u00a0\u00a0\u00a0\u00a0\u00a0\u00a0\u00a0\u00a0\u00a0\u00a0\u00a0\u00a0<\/p>\n<p>Rosendo Polier naci\u00f3 el 1 de marzo de 1771 y muri\u00f3 en 1819.<\/p>\n<p>\u00a0<\/p>\n<p>Fue un destacado noble perteneciente a la familia Porlier, que se dedic\u00f3 al mar como importante marino y militar espa\u00f1ol XIX, brigadier de la Real Armada Espa\u00f1ol. Tras cruzar el cabo de Hornos en 1819, su nav\u00edo, el San Telmo, qued\u00f3 sin tim\u00f3n a merced de las corrientes y con rumbo al Polo Sur. Sus 644 tripulantes murieron de fr\u00edo y de hambre. Meses despu\u00e9s llegaron los brit\u00e1nicos y decidieron \u201c<em>borrar<\/em>\u201d la gesta de los espa\u00f1oles para atribuirse ser los primeros en pisar la Ant\u00e1rtida.<\/p>\n<p>\u00a0<\/p>\n<p>Naci\u00f3 en la Ciudad de Los Reyes (actual <a href=\"https:\/\/es.wikipedia.org\/wiki\/Lima\">Lima<\/a>), capital del <a href=\"https:\/\/es.wikipedia.org\/wiki\/Virreinato_del_Per%C3%BA\">virreinato del Per\u00fa<\/a>, tercer hijo de <a href=\"https:\/\/es.wikipedia.org\/wiki\/Antonio_Porlier\">Antonio Porlier<\/a>, fiscal de la <a href=\"https:\/\/es.wikipedia.org\/wiki\/Real_Audiencia_de_Lima\">Real Audiencia de Lima<\/a> y de Mar\u00eda Josefa de Asteguieta, hija de una hacendada de <a href=\"https:\/\/es.wikipedia.org\/wiki\/Mojo_(Bolivia)\">Mojo<\/a>.<a href=\"https:\/\/es.wikipedia.org\/wiki\/Rosendo_Porlier_y_Asteguieta#cite_note-1\">1<\/a>\u200b Se le otorg\u00f3 siendo muy joven la merced del H\u00e1bito de la Real y Militar <a href=\"https:\/\/es.wikipedia.org\/wiki\/Orden_de_Santiago\">Orden de Santiago<\/a>.<\/p>\n<p>Sent\u00f3 plaza de <a href=\"https:\/\/es.wikipedia.org\/wiki\/Guardiamarina\">guardiamarina<\/a> en la compa\u00f1\u00eda del departamento de <a href=\"https:\/\/es.wikipedia.org\/wiki\/C%C3%A1diz\">C\u00e1diz<\/a> el 28 de enero de 1786. <a href=\"https:\/\/es.wikipedia.org\/wiki\/Alf%C3%A9rez_de_Fragata\">Alf\u00e9rez de Fragata<\/a> el 13 de enero de 1789, ascendi\u00f3 en 1791 a <a href=\"https:\/\/es.wikipedia.org\/wiki\/Alf%C3%A9rez_de_Nav%C3%ADo\">alf\u00e9rez de Nav\u00edo<\/a>. De subordinado naveg\u00f3 en las escuadras del marqu\u00e9s del Socorro y del general <a href=\"https:\/\/es.wikipedia.org\/wiki\/Federico_Gravina\">Federico Gravina<\/a>, participando en diferentes combates y practicando el corso. A finales del a\u00f1o se le volvi\u00f3 a ascender a <a href=\"https:\/\/es.wikipedia.org\/wiki\/Teniente_de_Fragata\">teniente de Fragata<\/a>.<\/p>\n<p>Particip\u00f3 en las expediciones a <a href=\"https:\/\/es.wikipedia.org\/wiki\/Or%C3%A1n_(Argelia)\">Or\u00e1n<\/a> y al cabo de <a href=\"https:\/\/es.wikipedia.org\/wiki\/Rosas\">Rosas<\/a>. En 1794 se le ascendi\u00f3 a <a href=\"https:\/\/es.wikipedia.org\/wiki\/Teniente_de_Nav%C3%ADo\">teniente de Nav\u00edo<\/a>, y al a\u00f1o siguiente se le otorg\u00f3 por m\u00e9ritos de guerra el ascenso a <a href=\"https:\/\/es.wikipedia.org\/wiki\/Capit%C3%A1n_de_Fragata\">capit\u00e1n de Fragata<\/a>.<\/p>\n<p>Tom\u00f3 parte muy activa en la defensa de la bah\u00eda de <a href=\"https:\/\/es.wikipedia.org\/wiki\/C%C3%A1diz\">C\u00e1diz<\/a>, como ayudante del general Federico Gravina, en 1798, cuando \u00e9sta fue atacada por las fuerzas navales brit\u00e1nicas al mando de <a href=\"https:\/\/es.wikipedia.org\/wiki\/Horacio_Nelson\">Horacio Nelson<\/a>, realizando una salida el 6 de febrero de 1798 en persecuci\u00f3n de los bloqueadores.<\/p>\n<p>En mayo de 1799 se incorpor\u00f3 en el arsenal de <a href=\"https:\/\/es.wikipedia.org\/wiki\/Cartagena_(Espa%C3%B1a)\">Cartagena<\/a> a la escuadra francesa del almirante Bruix, con la que realiz\u00f3 la salida para la bah\u00eda de C\u00e1diz, continuando luego al puerto de <a href=\"https:\/\/es.wikipedia.org\/wiki\/Brest_(Francia)\">Brest<\/a>. Poco despu\u00e9s, desde Brest transbord\u00f3 junto con su general al nav\u00edo Neptuno. Se hicieron a la mar con una flota compuesta de cinco nav\u00edos, una fragata y un bergant\u00edn, junt\u00e1ndose con la escuadra francesa del almirante Villaret. Prestando escolta y protecci\u00f3n en la expedici\u00f3n que transportaba tropas para sofocar la rebeli\u00f3n de la isla de <a href=\"https:\/\/es.wikipedia.org\/wiki\/Santo_Domingo\">Santo Domingo<\/a>.<\/p>\n<p>Tom\u00f3 parte asimismo en las operaciones realizadas en <a href=\"https:\/\/es.wikipedia.org\/wiki\/Puerto_Pr%C3%ADncipe\">Puerto Pr\u00edncipe<\/a> y <a href=\"https:\/\/es.wikipedia.org\/wiki\/Gu%C3%A1rico\">Gu\u00e1rico<\/a>, pasando por <a href=\"https:\/\/es.wikipedia.org\/wiki\/La_Habana\">La Habana<\/a> y regresando a la pen\u00ednsula, donde por primera vez en su carrera se le orden\u00f3 el desembarque a mediados de 1802. Fue llamado al servicio en 1804, otorg\u00e1ndosele el mando de las fuerzas sutiles del arsenal de C\u00e1diz, aunque en este puesto estuvo poco tiempo.<\/p>\n<p>Estuvo en el apresamiento de un convoy brit\u00e1nico y luch\u00f3 en el combate del cabo <a href=\"https:\/\/es.wikipedia.org\/wiki\/Finisterre_(Francia)\">Finisterre<\/a>, en el que la escuadra combinada hispano-francesa se enfrent\u00f3 a la brit\u00e1nica del almirante Calder el 22 de julio de 1805.<\/p>\n<p>Poco despu\u00e9s, a las \u00f3rdenes del almirante franc\u00e9s <a href=\"https:\/\/es.wikipedia.org\/wiki\/Villeneuve\">Villeneuve<\/a>, tom\u00f3 parte en la jornada de <a href=\"https:\/\/es.wikipedia.org\/wiki\/Trafalgar\">Trafalgar<\/a> como ayudante del general Federico Gravina, formando parte de su plana mayor a bordo del Pr\u00edncipe de Asturias, donde parece que le acompa\u00f1aba su sobrino el joven aventurero de Marina, Juan D\u00edaz Porlier, al que hab\u00eda tra\u00eddo consigo despu\u00e9s de una estancia del Argonauta en la La Habana, ciudad en la que el joven resid\u00eda en casa de unos familiares. Por su comportamiento demostrado en el referido combate, se le ascendi\u00f3 a capit\u00e1n de nav\u00edo.<\/p>\n<p>En la <a href=\"https:\/\/es.wikipedia.org\/wiki\/Guerra_de_la_Independencia_Espa%C3%B1ola\">Guerra de Independencia<\/a> contra la invasi\u00f3n francesa de la pen\u00ednsula y al mando de la fragata Atocha, apoy\u00f3 con sus ca\u00f1ones, en diferentes combates, a las fuerzas del ej\u00e9rcito en las aguas del Mediterr\u00e1neo, as\u00ed como emple\u00e1ndose en inutilizar las bater\u00edas enemigas que le hostigaban.<\/p>\n<p>En 1810, pas\u00f3 a Am\u00e9rica, al puerto de <a href=\"https:\/\/es.wikipedia.org\/wiki\/Veracruz\">Veracruz<\/a>, llevando de viajero a <a href=\"https:\/\/es.wikipedia.org\/wiki\/Francisco_Xavier_Venegas\">Francisco Xavier Venegas<\/a>, nuevo virrey de <a href=\"https:\/\/es.wikipedia.org\/wiki\/Nueva_Espa%C3%B1a\">Nueva Espa\u00f1a<\/a>, donde tom\u00f3 parte activa en las guerras de emancipaci\u00f3n de aquellas tierras y realizando transportes de plata, gentes y efectos. Una de sus m\u00e1s destacadas actuaciones fue la defensa de la ciudad de <a href=\"https:\/\/es.wikipedia.org\/wiki\/Toluca\">Toluca<\/a>, enfrent\u00e1ndose al ataque realizado por m\u00e1s de 20.000 efectivos. Despu\u00e9s se dirigi\u00f3 a la plaza de Tenango y <a href=\"https:\/\/es.wikipedia.org\/wiki\/Municipio_de_Tenancingo_(estado_de_M%C3%A9xico)\">Tenancingo<\/a>, donde la atac\u00f3 y se apoder\u00f3 de ella, defendi\u00e9ndola despu\u00e9s de los insistentes intentos de recuperaci\u00f3n por parte de los insurgentes, hasta que fue derrotado por las fuerzas insurgentes en la batalla de Tenancingo el 22 de enero de 1812. Fue tan distinguida su acci\u00f3n y con tan sobresaliente \u00e9xito, que acredit\u00f3 ser un militar entendido y valiente. Regres\u00f3 a La Habana y entreg\u00f3 el mando de su fragata, volviendo a C\u00e1diz, cubierto de laureles, a fines de 1815.<\/p>\n<p>En virtud de los m\u00e9ritos contra\u00eddos en la campa\u00f1a mexicana y muy especialmente en la <a href=\"https:\/\/es.wikipedia.org\/w\/index.php?title=Batalla_de_Napotl%C3%A1n&amp;action=edit&amp;redlink=1\">batalla de Napotl\u00e1n<\/a>, en octubre de 1811, es nombrado Brigadier de la Real Armada el 23 de marzo de 1819, y por Real Orden es designado comandante del nav\u00edo San Telmo y de las fuerzas navales del Mar del Sur y Apostadero de Lima. El 11 de mayo de 1819, se hizo a la vela desde la bah\u00eda de C\u00e1diz, con el nav\u00edo de su mando, siendo destinado a las fuerzas navales del mar del Sur, navegando junto con el nav\u00edo Alejandro y la fragata Prueba y el nav\u00edo mercante Primorosa Mariana.<\/p>\n<p>Los buques estaban en muy mal estado y pronto comenzaron a producirse graves aver\u00edas. El Alejandro, uno de los nav\u00edos podridos adquiridos a <a href=\"https:\/\/es.wikipedia.org\/wiki\/Rusia\">Rusia<\/a>, se vio forzado a regresar a C\u00e1diz, por estar podrido su casco y embarcando mucha agua, cuando se encontraba a la altura del <a href=\"https:\/\/es.wikipedia.org\/wiki\/Ecuador\">Ecuador<\/a>.<\/p>\n<p>Prosiguieron viaje el <a href=\"https:\/\/es.wikipedia.org\/wiki\/San_Telmo\">San Telmo<\/a> y sus dos acompa\u00f1antes, que sufrieron muy malos tiempos, lo que oblig\u00f3 a que los tres nav\u00edos se separaran. Lleg\u00f3 primero al Per\u00fa el Primorosa Mariana, y una semana despu\u00e9s la fragata Prueba lanzaba el ancla en el puerto de <a href=\"https:\/\/es.wikipedia.org\/wiki\/Guayaquil\">Guayaquil<\/a>. El comandante y la tripulaci\u00f3n expresaron que, al separarse del nav\u00edo, el 2 de septiembre, \u00e9ste ten\u00eda graves aver\u00edas en el tim\u00f3n tajamar y verga mayor a causa de los tempestuosos vientos reinantes en el cabo de Hornos.<\/p>\n<p>En un principio y queriendo pensar bien, se supon\u00eda que Porlier habr\u00eda puesto rumbo a <a href=\"https:\/\/es.wikipedia.org\/wiki\/R%C3%ADo_de_Janeiro\">R\u00edo de Janeiro<\/a>, por lo que desde all\u00ed se estuvo mucho tiempo esperando noticias. Sin embargo, no se volvi\u00f3 a saber del San Telmo y de ninguno de sus 644 tripulantes, que hab\u00edan sido arrastrados por los vientos, mucho m\u00e1s al sur.<\/p>\n<p>Finalmente, el San Telmo encalla en las costas de la Ant\u00e1rtida. Siendo los primeros navegantes en sobrevivir en dicho continente, basando su alimentaci\u00f3n en focas. No obstante, y debido a que no estaban preparados para unas condiciones tan adversas, acabar\u00edan muriendo todos los tripulantes del San Telmo.<\/p>\n<p>En la actualidad, hay placas conmemorativas en honor a este haza\u00f1a en: Playa Media Luna, Cabo Shirreff, isla Livingston, Islas Shetland del sur.<\/p>\n<p>En la ciudad de San Fernando (C\u00e1diz), antiguamente denominada Isla de Le\u00f3n, existe hoy en el Pante\u00f3n de Marinos Ilustres una l\u00e1pida en recuerdo de este marino ubicada en la capilla 5, del lado oeste, que dice:<\/p>\n<p><strong><em>A la memoria del Brigadier de la Armada D. Rosendo Porlier Muerto en el nav\u00edo de su mando \u00abSan Telmo\u00bb en un naufragio en el cabo de Hornos\u00a0<\/em><\/strong><strong>1819.<img loading=\"lazy\" class=\"wp-image-5991 aligncenter\" src=\"https:\/\/cpcorella.educacion.navarra.es\/blogs\/wp-content\/uploads\/2024\/10\/001-3.png\" alt=\"\" width=\"374\" height=\"217\" srcset=\"https:\/\/cpcorella.educacion.navarra.es\/blogs\/wp-content\/uploads\/2024\/10\/001-3.png 640w, https:\/\/cpcorella.educacion.navarra.es\/blogs\/wp-content\/uploads\/2024\/10\/001-3-300x174.png 300w, https:\/\/cpcorella.educacion.navarra.es\/blogs\/wp-content\/uploads\/2024\/10\/001-3-555x322.png 555w\" sizes=\"(max-width: 374px) 100vw, 374px\" \/><\/strong><\/p>\n","protected":false},"excerpt":{"rendered":"<p>Somos alumnos\/as de la clase de 6\u00ba E y hemos investigado sobre el palacio de los Marqueses de Bajamar.. Nuestro grupo formado por Natasha B., Soufyan B., Youssef S., Mohamed K. y Victor M. vamos a centrarnos m\u00e1s concretamente en la figura de Rosendo Porlier y su viaje a la Ant\u00e1rtida. \u00a0\u00a0\u00a0\u00a0\u00a0\u00a0\u00a0\u00a0\u00a0\u00a0\u00a0\u00a0\u00a0\u00a0\u00a0\u00a0\u00a0\u00a0\u00a0\u00a0\u00a0\u00a0\u00a0\u00a0\u00a0\u00a0 Rosendo Polier naci\u00f3 &hellip; <\/p>\n<p><a class=\"more-link btn\" href=\"https:\/\/cpcorella.educacion.navarra.es\/blogs\/rosendo-porlier-y-la-antartida-%ef%bf%bc\/\">Continue reading<\/a><\/p>\n","protected":false},"author":6,"featured_media":0,"parent":0,"menu_order":0,"comment_status":"closed","ping_status":"closed","template":"","meta":[],"_links":{"self":[{"href":"https:\/\/cpcorella.educacion.navarra.es\/blogs\/wp-json\/wp\/v2\/pages\/5990"}],"collection":[{"href":"https:\/\/cpcorella.educacion.navarra.es\/blogs\/wp-json\/wp\/v2\/pages"}],"about":[{"href":"https:\/\/cpcorella.educacion.navarra.es\/blogs\/wp-json\/wp\/v2\/types\/page"}],"author":[{"embeddable":true,"href":"https:\/\/cpcorella.educacion.navarra.es\/blogs\/wp-json\/wp\/v2\/users\/6"}],"replies":[{"embeddable":true,"href":"https:\/\/cpcorella.educacion.navarra.es\/blogs\/wp-json\/wp\/v2\/comments?post=5990"}],"version-history":[{"count":1,"href":"https:\/\/cpcorella.educacion.navarra.es\/blogs\/wp-json\/wp\/v2\/pages\/5990\/revisions"}],"predecessor-version":[{"id":5994,"href":"https:\/\/cpcorella.educacion.navarra.es\/blogs\/wp-json\/wp\/v2\/pages\/5990\/revisions\/5994"}],"wp:attachment":[{"href":"https:\/\/cpcorella.educacion.navarra.es\/blogs\/wp-json\/wp\/v2\/media?parent=5990"}],"curies":[{"name":"wp","href":"https:\/\/api.w.org\/{rel}","templated":true}]}}