{"id":841,"date":"2010-06-11T10:54:51","date_gmt":"2010-06-11T10:54:51","guid":{"rendered":"http:\/\/pitagorines.wordpress.com\/"},"modified":"2010-06-11T10:54:51","modified_gmt":"2010-06-11T10:54:51","slug":"analisis-sintactico","status":"publish","type":"page","link":"https:\/\/cpcorella.educacion.navarra.es\/blogs\/3ciclo\/sexto\/lengua\/mi-baul-de-lengua\/analisis-sintactico\/","title":{"rendered":"An\u00e1lisis Sint\u00e1ctico"},"content":{"rendered":"<iframe src=\"https:\/\/www.slideshare.net\/slideshow\/embed_code\/1461807\" width=\"625\" height=\"507\" frameborder=\"0\" marginwidth=\"0\" marginheight=\"0\" scrolling=\"no\"><\/iframe><br\/>\n<div>\n<div><strong><em><a href=\"http:\/\/www.edu365.cat\/primaria\/muds\/castella\/sujeto\/index.htm#\">Explicaci\u00f3n, pr\u00e1ctica y evaluaci\u00f3n<\/a><\/em><\/strong><\/p>\n<div><a href=\"http:\/\/www.edu365.cat\/primaria\/muds\/castella\/sujeto\/index.htm#\"><img src=\"http:\/\/4.bp.blogspot.com\/_3E4tJrSBnzs\/S6VGyKVcB9I\/AAAAAAAAA64\/2i92JDemytY\/s320\/Captura+de+pantalla+2010-03-20+a+las+23.05.12.png\" border=\"0\" alt=\"\" \/><\/a><\/div>\n<div><strong><em><a href=\"http:\/\/www.librosvivos.net\/smtc\/homeTC.asp?TemaClave=1048\">La oraci\u00f3n<\/a><\/em><\/strong><\/div>\n<div>\n<div><a href=\"http:\/\/www.librosvivos.net\/smtc\/homeTC.asp?TemaClave=1048\"><img src=\"http:\/\/2.bp.blogspot.com\/_3E4tJrSBnzs\/S6VHOPj2UfI\/AAAAAAAAA7A\/1plIzapffys\/s320\/Captura+de+pantalla+2010-03-20+a+las+23.07.20.png\" border=\"0\" alt=\"\" \/><\/a><\/div>\n<\/div>\n<\/div>\n<div><strong><em><a href=\"http:\/\/contenidos.santillanaenred.com\/jukebox\/servlet\/GetPlayer?p3v=true&amp;xref=200601251222_PRE_0_1348847416&amp;mode=1&amp;rtc=1001&amp;locale=es_ES&amp;cache=false\">Grupos nominales (1)<\/a><\/em><\/strong><\/div>\n<div><strong><em><a href=\"http:\/\/contenidos.santillanaenred.com\/jukebox\/servlet\/GetPlayer?p3v=true&amp;xref=200601251209_AC_0_-86979630&amp;mode=1&amp;rtc=1001&amp;locale=es_ES&amp;cache=false\">Grupos nominales (2)<\/a><\/em><\/strong><\/div>\n<div><strong><em><a href=\"http:\/\/contenidos.santillanaenred.com\/jukebox\/servlet\/GetPlayer?p3v=true&amp;xref=200601251213_AC_0_-1770584465&amp;mode=1&amp;rtc=1001&amp;locale=es_ES&amp;cache=false\">Grupos nominales (3)<\/a><\/em><\/strong><\/div>\n<div><strong><em><a href=\"http:\/\/contenidos.santillanaenred.com\/jukebox\/servlet\/GetPlayer?p3v=true&amp;xref=200601251216_AC_0_-1438489046&amp;mode=1&amp;rtc=1001&amp;locale=es_ES&amp;cache=false\">Grupos nominales (4)<\/a><\/em><\/strong><\/div>\n<div><strong><em><a href=\"http:\/\/contenidos.santillanaenred.com\/jukebox\/servlet\/GetPlayer?p3v=true&amp;xref=200601261900_PRE_0_-97457308&amp;mode=1&amp;rtc=1001&amp;locale=es_ES&amp;cache=false\">El sujeto y el predicado<\/a><\/em><\/strong><\/div>\n<div>\n<div><a href=\"http:\/\/contenidos.santillanaenred.com\/jukebox\/servlet\/GetPlayer?p3v=true&amp;xref=200601261900_PRE_0_-97457308&amp;mode=1&amp;rtc=1001&amp;locale=es_ES&amp;cache=false\"><img src=\"http:\/\/4.bp.blogspot.com\/_3E4tJrSBnzs\/S6VJZH5w_cI\/AAAAAAAAA7I\/p7Fj-_-MVtY\/s320\/Captura+de+pantalla+2010-03-20+a+las+23.16.10.png\" border=\"0\" alt=\"\" \/><\/a><\/div>\n<\/div>\n<div><strong><em><a href=\"http:\/\/contenidos.santillanaenred.com\/jukebox\/servlet\/GetPlayer?p3v=true&amp;xref=200601270932_AC_0_1670589389&amp;mode=1&amp;rtc=1001&amp;locale=es_ES&amp;cache=false\">Unir sujetos y predicados (1)<\/a><\/em><\/strong><\/div>\n<div><strong><em><a href=\"http:\/\/contenidos.santillanaenred.com\/jukebox\/servlet\/GetPlayer?p3v=true&amp;xref=200601270929_AC_0_-1512962687&amp;mode=1&amp;rtc=1001&amp;locale=es_ES&amp;cache=false\">Unir sujetos y predicados (2)<\/a><\/em><\/strong><\/div>\n<div><strong><em><a href=\"http:\/\/contenidos.santillanaenred.com\/jukebox\/servlet\/GetPlayer?p3v=true&amp;xref=200601270935_PRE_0_-365318959&amp;mode=1&amp;rtc=1001&amp;locale=es_ES&amp;cache=false\">Unir sujetos y predicados (3)<\/a><\/em><\/strong><\/div>\n<div><strong><em><br \/>\n<\/em><\/strong><\/div>\n<div><strong><em><a href=\"http:\/\/contenidos.santillanaenred.com\/jukebox\/servlet\/GetPlayer?p3v=true&amp;xref=200601270927_AC_0_-659417285&amp;mode=1&amp;rtc=1001&amp;locale=es_ES&amp;cache=false\">Identificar sujetos<\/a><\/em><\/strong><\/div>\n<div><a href=\"http:\/\/contenidos.santillanaenred.com\/jukebox\/servlet\/GetPlayer?p3v=true&amp;xref=200601270927_AC_0_-659417285&amp;mode=1&amp;rtc=1001&amp;locale=es_ES&amp;cache=false\"><img src=\"http:\/\/1.bp.blogspot.com\/_3E4tJrSBnzs\/S6VJ7fx4tSI\/AAAAAAAAA7Q\/eS4NLrwXtEM\/s320\/Captura+de+pantalla+2010-03-20+a+las+23.19.05.png\" border=\"0\" alt=\"\" \/><\/a><\/div>\n<\/div>\n<div><strong><em><a href=\"http:\/\/idisk.me.com\/joseangelmorancho\/Public\/anaya\/SEXTO\/SEXTO\/Lengua_1\/U10\/1003_01.htm\">Identificar sujetos (1)<\/a><\/em><\/strong><\/div>\n<div><strong><em><a href=\"http:\/\/idisk.me.com\/joseangelmorancho\/Public\/anaya\/SEXTO\/SEXTO\/Lengua_1\/U10\/1003_02.htm\">Identificar sujetos (2)<\/a><\/em><\/strong><\/div>\n<div><strong><em><a href=\"http:\/\/idisk.me.com\/joseangelmorancho\/Public\/anaya\/SEXTO\/SEXTO\/Lengua_2\/anaya\/rdi\/U10\/05.htm\">Identificar sujetos (3)<\/a><\/em><\/strong><\/div>\n<div><strong><em><a href=\"http:\/\/idisk.me.com\/joseangelmorancho\/Public\/anaya\/SEXTO\/SEXTO\/Lengua_2\/anaya\/rdi\/U10\/06.htm\">Identificar sujetos (4)<\/a><\/em><\/strong><\/div>\n<p><strong><em><br \/>\n<\/em><\/strong><a href=\"http:\/\/idisk.me.com\/joseangelmorancho\/Public\/anaya\/SEXTO\/SEXTO\/Lengua_2\/anaya\/rdi\/U10\/06.htm\"><img src=\"http:\/\/2.bp.blogspot.com\/_3E4tJrSBnzs\/S6VO6NtuuHI\/AAAAAAAAA7g\/G0talSp663g\/s320\/Captura+de+pantalla+2010-03-20+a+las+23.40.20.png\" border=\"0\" alt=\"\" \/><\/a><\/p>\n<p><em><strong><a href=\"http:\/\/contenidos.santillanaenred.com\/jukebox\/servlet\/GetPlayer?p3v=true&amp;xref=200601261855_AC_0_-1968981073&amp;mode=1&amp;rtc=1001&amp;locale=es_ES&amp;cache=false\">Identificar el n\u00facleo del predicado<\/a><\/strong><\/em><\/p>\n<p><strong><em><a href=\"http:\/\/contenidos.santillanaenred.com\/jukebox\/servlet\/GetPlayer?p3v=true&amp;xref=200601271001_AC_0_-168532500&amp;mode=1&amp;rtc=1001&amp;locale=es_ES&amp;cache=false\">Se\u00f1alar el verbo de la oraci\u00f3n<\/a><\/em><\/strong><\/p>\n<p><strong><em><a href=\"http:\/\/www.juntadeandalucia.es\/averroes\/carambolo\/WEB%20JCLIC2\/Agrega\/Lengua\/La%20oracion%20castellana\/contenido\/index.html\">El verbo y la oraci\u00f3n castellana<\/a><\/em><\/strong><\/p>\n<div><a href=\"http:\/\/www.juntadeandalucia.es\/averroes\/carambolo\/WEB%20JCLIC2\/Agrega\/Lengua\/La%20oracion%20castellana\/contenido\/index.html\"><img src=\"http:\/\/4.bp.blogspot.com\/_3E4tJrSBnzs\/S6VMMGr4z3I\/AAAAAAAAA7Y\/o9to6_nngeA\/s320\/Captura+de+pantalla+2010-03-20+a+las+23.27.39.png\" border=\"0\" alt=\"\" \/><\/a><\/div>\n<div><strong><em><a href=\"http:\/\/conteni2.educarex.es\/mats\/11772\/contenido\/OA3\/index.html\">Teor\u00eda y ejercicios<\/a><\/em><\/strong><\/div>\n<div><a href=\"http:\/\/conteni2.educarex.es\/mats\/11772\/contenido\/OA3\/index.html\"><img src=\"http:\/\/4.bp.blogspot.com\/_3E4tJrSBnzs\/S96ImwbwnkI\/AAAAAAAABFU\/tdzkfVVRhk0\/s320\/Captura+de+pantalla+2010-05-03+a+las+10.24.50.png\" border=\"0\" alt=\"\" \/><\/a><\/div>\n<div><a href=\"http:\/\/www.apuntesdelengua.com\/archivos\/sintaxis\/CD-CI\/EjerciciosCD01.pdf\"><strong><em>Teor\u00eda y ejercicios imprimibles<\/em><\/strong><\/a><\/div>\n<div><strong><br \/>\n<\/strong><\/div>\n<div><a href=\"http:\/\/www.apuntesdelengua.com\/archivos\/sintaxis\/CD-CI\/EjerciciosCD01.pdf\"><img src=\"http:\/\/1.bp.blogspot.com\/_3E4tJrSBnzs\/S96I8liGoJI\/AAAAAAAABFc\/-gYCPEXUEzI\/s320\/Captura+de+pantalla+2010-05-03+a+las+10.26.33.png\" border=\"0\" alt=\"\" \/><\/a><\/div>\n<div><strong><em><a href=\"http:\/\/www.edu365.cat\/eso\/muds\/castella\/c_directo\/index.htm\">Un complemento muy directo<\/a><\/em><\/strong><\/div>\n<div><a href=\"http:\/\/www.edu365.cat\/eso\/muds\/castella\/c_directo\/index.htm\"><img src=\"http:\/\/2.bp.blogspot.com\/_3E4tJrSBnzs\/S96JMp4LQmI\/AAAAAAAABFk\/LuYgXzuzzgc\/s320\/Captura+de+pantalla+2010-05-03+a+las+10.27.57.png\" border=\"0\" alt=\"\" \/><\/a><\/div>\n<div><strong><em><a href=\"http:\/\/cvc.cervantes.es\/ensenanza\/actividades_ave\/nivelI\/actividad_52.html\">Los pronombres lo, la, los, las<\/a><\/em><\/strong><\/div>\n<div><a href=\"http:\/\/cvc.cervantes.es\/ensenanza\/actividades_ave\/nivelI\/actividad_52.html\"><img src=\"http:\/\/4.bp.blogspot.com\/_3E4tJrSBnzs\/S96JbQIOYfI\/AAAAAAAABFs\/2o9h522V5c8\/s320\/Captura+de+pantalla+2010-05-03+a+las+10.28.54.png\" border=\"0\" alt=\"\" \/><\/a><\/div>\n<div><strong><em><a href=\"http:\/\/www.librosvivos.net\/smtc\/homeTC.asp?TemaClave=1028\">Complemento directo e indirecto<\/a><\/em><\/strong><\/div>\n<div><strong><em>(pincha en el apartado correspondiente)<\/em><\/strong><\/div>\n<div><a href=\"http:\/\/www.librosvivos.net\/smtc\/homeTC.asp?TemaClave=1028\"><img src=\"http:\/\/3.bp.blogspot.com\/_3E4tJrSBnzs\/S96Jwj6I8kI\/AAAAAAAABF0\/RazYyWXi3eU\/s320\/Captura+de+pantalla+2010-05-03+a+las+10.30.04.png\" border=\"0\" alt=\"\" \/><\/a><\/div>\n<div>Actividades varias<\/div>\n<div><strong><em><br \/>\n<\/em><\/strong><\/div>\n<p><strong><em><a href=\"http:\/\/idisk.me.com\/joseangelmorancho\/Public\/anaya\/SEXTO\/SEXTO\/Lengua_2\/anaya\/rdi\/U12\/05.htm\">Transitivo \/ intransitivo<\/a> <\/em><\/strong><br \/>\n<strong><em><a href=\"http:\/\/idisk.me.com\/joseangelmorancho\/Public\/anaya\/SEXTO\/SEXTO\/Lengua_2\/anaya\/rdi\/U12\/06.htm\">Subrayar el CD y CI<\/a><\/em><\/strong><br \/>\n<strong><em><a href=\"http:\/\/idisk.me.com\/joseangelmorancho\/Public\/anaya\/SEXTO\/SEXTO\/Lengua_1\/U12\/1203_01.htm\">Identificar el CD y CI<\/a><\/em><\/strong><br \/>\n<strong><em><a href=\"http:\/\/idisk.me.com\/joseangelmorancho\/Public\/anaya\/SEXTO\/SEXTO\/Lengua_1\/U12\/1203_02.htm\">Identificar el complemento directo e indirecto<\/a><\/em><\/strong><\/p>\n<div><a href=\"http:\/\/idisk.me.com\/joseangelmorancho\/Public\/anaya\/SEXTO\/SEXTO\/Lengua_1\/U12\/1203_02.htm\"><img src=\"http:\/\/3.bp.blogspot.com\/_3E4tJrSBnzs\/S96LVh5wDcI\/AAAAAAAABF8\/qW18BvLmWHM\/s320\/Captura+de+pantalla+2010-05-03+a+las+10.37.07.png\" border=\"0\" alt=\"\" \/><\/a><\/div>\n<p><strong><em> <\/em><\/strong><\/p>\n<div><strong><em><a href=\"http:\/\/perso.wanadoo.es\/louralba\/potatoes\/Compl.directoindirecto.htm\">Complemento directo e indirecto<\/a><\/em><\/strong><\/div>\n<div><strong><em><strong><em><a href=\"http:\/\/www.editorialteide.es\/elearning\/Primaria.asp?IdJuego=869&amp;IdTipoJuego=8\">Complemento directo<\/a><\/em><\/strong><\/em><\/strong><\/div>\n<div><strong><em><strong><em><a href=\"http:\/\/www.editorialteide.es\/elearning\/Primaria.asp?IdJuego=907&amp;IdTipoJuego=8\">Complemento indirecto<\/a><\/em><\/strong><\/em><\/strong><\/div>\n","protected":false},"excerpt":{"rendered":"<p>Explicaci\u00f3n, pr\u00e1ctica y evaluaci\u00f3n La oraci\u00f3n Grupos nominales (1) Grupos nominales (2) Grupos nominales (3) Grupos nominales (4) El sujeto y el predicado Unir sujetos y predicados (1) Unir sujetos y predicados (2) Unir sujetos y predicados (3) Identificar sujetos Identificar sujetos (1) Identificar sujetos (2) Identificar sujetos (3) Identificar sujetos (4) Identificar el n\u00facleo [&hellip;]<\/p>\n","protected":false},"author":6,"featured_media":0,"parent":707,"menu_order":1,"comment_status":"open","ping_status":"open","template":"","meta":[],"_links":{"self":[{"href":"https:\/\/cpcorella.educacion.navarra.es\/blogs\/3ciclo\/wp-json\/wp\/v2\/pages\/841"}],"collection":[{"href":"https:\/\/cpcorella.educacion.navarra.es\/blogs\/3ciclo\/wp-json\/wp\/v2\/pages"}],"about":[{"href":"https:\/\/cpcorella.educacion.navarra.es\/blogs\/3ciclo\/wp-json\/wp\/v2\/types\/page"}],"author":[{"embeddable":true,"href":"https:\/\/cpcorella.educacion.navarra.es\/blogs\/3ciclo\/wp-json\/wp\/v2\/users\/6"}],"replies":[{"embeddable":true,"href":"https:\/\/cpcorella.educacion.navarra.es\/blogs\/3ciclo\/wp-json\/wp\/v2\/comments?post=841"}],"version-history":[{"count":0,"href":"https:\/\/cpcorella.educacion.navarra.es\/blogs\/3ciclo\/wp-json\/wp\/v2\/pages\/841\/revisions"}],"up":[{"embeddable":true,"href":"https:\/\/cpcorella.educacion.navarra.es\/blogs\/3ciclo\/wp-json\/wp\/v2\/pages\/707"}],"wp:attachment":[{"href":"https:\/\/cpcorella.educacion.navarra.es\/blogs\/3ciclo\/wp-json\/wp\/v2\/media?parent=841"}],"curies":[{"name":"wp","href":"https:\/\/api.w.org\/{rel}","templated":true}]}}