{"id":769,"date":"2010-03-08T21:38:06","date_gmt":"2010-03-08T21:38:06","guid":{"rendered":"http:\/\/pitagorines.wordpress.com\/?page_id=769"},"modified":"2010-03-08T21:38:06","modified_gmt":"2010-03-08T21:38:06","slug":"tema-8-la-epoca-de-la-industrializacion","status":"publish","type":"page","link":"https:\/\/cpcorella.educacion.navarra.es\/blogs\/3ciclo\/sexto\/conocimiento\/tema-8-la-epoca-de-la-industrializacion\/","title":{"rendered":"Tema 8 \u201cLa \u00e9poca de la Industrializaci\u00f3n\u201d"},"content":{"rendered":"<div id=\"post-1454\">\n<h2>Tema 8 \u201cLa \u00e9poca de la Industrializaci\u00f3n\u201d<\/h2>\n<div><a href=\"http:\/\/irati.pnte.cfnavarra.es\/multiblog\/jrodrig3\/sexto\/c-m\/tema-8\/#comments\"><br \/>\n<\/a><\/div>\n<div>\n<p>En esta unidad aprender\u00e1s:<\/p>\n<ul>\n<li>Una nueva dinast\u00eda: los Borbones<\/li>\n<\/ul>\n<ul>\n<li>La      ilustraci\u00f3n y el liberalismo<\/li>\n<li> La Revoluci\u00f3n industrial.<\/li>\n<\/ul>\n<ul>\n<li>Las      clases sociales del siglo XIX: El capitalismo, burgues\u00eda industrial y los      obreros<\/li>\n<li>La      ciudad industrial<\/li>\n<li>La      Espa\u00f1a del siglo XIX<\/li>\n<li>El      arte del siglo XIX<\/li>\n<\/ul>\n<p>Esquema:<\/p>\n<iframe src=\"https:\/\/www.slideshare.net\/slideshow\/embed_code\/3310629\" width=\"625\" height=\"507\" frameborder=\"0\" marginwidth=\"0\" marginheight=\"0\" scrolling=\"no\"><\/iframe><br\/>\n<p><!-- ysttest:Array (     [id] =&gt; 3310629&amp;doc=esquema-100301162956-phpapp01&amp;type=d ) -->Comenzamos con unos videos:<\/p>\n<p><iframe loading=\"lazy\" width=\"625\" height=\"469\" src=\"http:\/\/www.youtube.com\/embed\/6MBr6OxC4UU?feature=oembed\" frameborder=\"0\" allowfullscreen><\/iframe><\/p>\n<p><img src=\"\/DOCUME%7E1\/Osasuna\/CONFIG%7E1\/Temp\/moz-screenshot-11.png\" alt=\"\" \/>http:\/\/www.youtube.com\/watch?v=GIWZ8Nw5JX8&amp;feature=player_embedded#<\/p>\n<p><iframe loading=\"lazy\" width=\"625\" height=\"469\" src=\"http:\/\/www.youtube.com\/embed\/Y1pSWxsbzPM?feature=oembed\" frameborder=\"0\" allowfullscreen><\/iframe><\/p>\n<p><iframe loading=\"lazy\" width=\"625\" height=\"469\" src=\"http:\/\/www.youtube.com\/embed\/oJd1KOCxTfk?feature=oembed\" frameborder=\"0\" allowfullscreen><\/iframe><\/p>\n<p><iframe loading=\"lazy\" width=\"625\" height=\"469\" src=\"http:\/\/www.youtube.com\/embed\/d2UsqXQNaW8?feature=oembed\" frameborder=\"0\" allowfullscreen><\/iframe><\/p>\n<p><iframe loading=\"lazy\" width=\"625\" height=\"469\" src=\"http:\/\/www.youtube.com\/embed\/qIi4JRqkmBU?feature=oembed\" frameborder=\"0\" allowfullscreen><\/iframe><\/p>\n<p><iframe loading=\"lazy\" width=\"625\" height=\"469\" src=\"http:\/\/www.youtube.com\/embed\/d2UsqXQNaW8?feature=oembed\" frameborder=\"0\" allowfullscreen><\/iframe><\/p>\n<p><iframe loading=\"lazy\" width=\"625\" height=\"469\" src=\"http:\/\/www.youtube.com\/embed\/RJ5n1QlaL-U?feature=oembed\" frameborder=\"0\" allowfullscreen><\/iframe><\/p>\n<p><iframe loading=\"lazy\" width=\"625\" height=\"469\" src=\"http:\/\/www.youtube.com\/embed\/EoI3FLOgZ7I?feature=oembed\" frameborder=\"0\" allowfullscreen><\/iframe><\/p>\n<p><iframe loading=\"lazy\" width=\"625\" height=\"469\" src=\"http:\/\/www.youtube.com\/embed\/BkEO_XbSHtA?feature=oembed\" frameborder=\"0\" allowfullscreen><\/iframe><\/p>\n<p>ACTIVIDADES:<\/p>\n<table border=\"1\" cellspacing=\"0\" cellpadding=\"0\" width=\"780\">\n<tbody>\n<tr bgcolor=\"#d2ffe9\">\n<td>\n<div><a href=\"http:\/\/www.terra.es\/personal2\/pfigares\/historia2.htm#econtemp\" target=\"_blank\">LA EDAD CONTEMPOR\u00c1NEA I<\/a><\/div>\n<\/td>\n<td rowspan=\"4\" bgcolor=\"#d2ffe9\">\n<div><a href=\"http:\/\/www.juntadeandalucia.es\/averroes\/carambolo\/WEB%20JCLIC2\/Medio\/espacon\/index.htm\" target=\"_blank\">Espa\u00f1a en la Edad Contempor\u00e1nea<\/a><\/div>\n<\/td>\n<\/tr>\n<tr bgcolor=\"#d2ffe9\">\n<td>\n<div><a href=\"http:\/\/www.ceipjuanherreraalcausa.es\/Recursosdidacticos\/SEXTO\/Conocimiento\/u15\/1502.htm\" target=\"_blank\">LA EDAD CONTEMPOR\u00c1NEA II<\/a><\/div>\n<\/td>\n<\/tr>\n<tr bgcolor=\"#d2ffe9\">\n<td>\n<div><a href=\"http:\/\/www.librosvivos.net\/smtc\/homeTC.asp?TemaClave=1196\" target=\"_blank\">LA REVOLUCI\u00d3N INDUSTRIAL I<\/a><\/div>\n<\/td>\n<\/tr>\n<tr bgcolor=\"#d2ffe9\">\n<td>\n<div><a href=\"http:\/\/www.primaria.librosvivos.net\/5EP_Cono_cas_ud15_rev_industrial_10.html\" target=\"_blank\">LA REVOLUCI\u00d3N INDUSTRIAL II<\/a><\/div>\n<\/td>\n<\/tr>\n<tr bgcolor=\"#d2ffe9\">\n<td>\n<div><a href=\"http:\/\/thales.cica.es\/rd\/Recursos\/rd98\/Historia\/03\/espana_en_el_s__xix.html\" target=\"_blank\">ESPA\u00d1A EN EL SIGLO XIX<\/a><\/div>\n<\/td>\n<td rowspan=\"3\" bgcolor=\"#d2ffe9\">\n<div><a href=\"http:\/\/www.juntadeandalucia.es\/averroes\/carambolo\/WEB%20JCLIC2\/Medio\/espana\/index.htm\" target=\"_blank\">Somos parte de Espa\u00f1a<\/a><\/div>\n<\/td>\n<\/tr>\n<tr bgcolor=\"#d2ffe9\">\n<td>\n<div><a href=\"http:\/\/www.primaria.librosvivos.net\/5EP_Cono_cas_ud15_sigloXIX_espana_10.html\" target=\"_blank\">EL SIGLO XIX EN ESPA\u00d1A<\/a><\/div>\n<\/td>\n<\/tr>\n<tr bgcolor=\"#d2ffe9\">\n<td>\n<div><a href=\"http:\/\/www.primaria.librosvivos.net\/6EP_cono_ud13_cambiossxix_1.html\" target=\"_blank\">LAS GRANDES TRANSFORMACIONES DEL SIGLO XIX <\/a><\/div>\n<\/td>\n<\/tr>\n<\/tbody>\n<\/table>\n<table border=\"2\" width=\"95%\" align=\"left\" bgcolor=\"#0066ff\">\n<tbody>\n<tr bgcolor=\"#ffff00\">\n<td colspan=\"3\" height=\"53\" align=\"center\" valign=\"middle\">\n<blockquote><p><strong> <\/strong><strong>ESPA\u00d1A            EN LA EDAD CONTEMPOR\u00c1NEA<\/strong><\/p><\/blockquote>\n<\/td>\n<\/tr>\n<tr bgcolor=\"#ffffff\">\n<td colspan=\"3\" height=\"35\" align=\"center\" valign=\"middle\">\n<div><strong>Aplicaci\u00f3n did\u00e1ctica          para alumnos y alumnas de Tercer Ciclo de Educaci\u00f3n Primaria <\/strong><\/div>\n<\/td>\n<\/tr>\n<tr bgcolor=\"#33ff66\">\n<td width=\"30%\" height=\"190\" align=\"center\" valign=\"middle\" bgcolor=\"#ffcccc\">\n<h4><a href=\"http:\/\/cplosangeles.juntaextremadura.net\/web\/cmedio6\/espana_en_la_edad_contemporanea\/contem01.htm\">Edad Contempor\u00e1nea 01<\/a><br \/>\n<a href=\"http:\/\/cplosangeles.juntaextremadura.net\/web\/cmedio6\/espana_en_la_edad_contemporanea\/contem02.htm\">Edad Contempor\u00e1nea 02<\/a><br \/>\n<a href=\"http:\/\/cplosangeles.juntaextremadura.net\/web\/cmedio6\/espana_en_la_edad_contemporanea\/contem03.htm\">Edad Contempor\u00e1nea 03<\/a><br \/>\n<a href=\"http:\/\/cplosangeles.juntaextremadura.net\/web\/cmedio6\/espana_en_la_edad_contemporanea\/contem04.htm\">Edad Contempor\u00e1nea 04<\/a><br \/>\n<a href=\"http:\/\/cplosangeles.juntaextremadura.net\/web\/cmedio6\/espana_en_la_edad_contemporanea\/contem05.htm\">Edad Contempor\u00e1nea 05<\/a><br \/>\n<a href=\"http:\/\/cplosangeles.juntaextremadura.net\/web\/cmedio6\/espana_en_la_edad_contemporanea\/contem06.htm\">Edad Contempor\u00e1nea 06<br \/>\n<\/a><\/h4>\n<\/td>\n<td width=\"41%\" height=\"190\" align=\"center\" valign=\"middle\" bgcolor=\"#ccccff\">\n<h4><img loading=\"lazy\" src=\"http:\/\/cplosangeles.juntaextremadura.net\/web\/cmedio6\/espana_en_la_edad_contemporanea\/imagenes\/sagrada02.jpeg\" alt=\"\" width=\"143\" height=\"200\" \/><\/h4>\n<\/td>\n<td width=\"29%\" height=\"190\" align=\"center\" valign=\"middle\" bgcolor=\"#ffcccc\">\n<h4><a href=\"http:\/\/cplosangeles.juntaextremadura.net\/web\/cmedio6\/espana_en_la_edad_contemporanea\/contem07.htm\">Edad Contempor\u00e1nea 07<\/a><br \/>\n<a href=\"http:\/\/cplosangeles.juntaextremadura.net\/web\/cmedio6\/espana_en_la_edad_contemporanea\/contem08.htm\">Edad Contempor\u00e1nea 08<\/a><br \/>\n<a href=\"http:\/\/cplosangeles.juntaextremadura.net\/web\/cmedio6\/espana_en_la_edad_contemporanea\/contem09.htm\">Edad Contempor\u00e1nea 09<\/a><br \/>\n<a href=\"http:\/\/cplosangeles.juntaextremadura.net\/web\/cmedio6\/espana_en_la_edad_contemporanea\/contem10.htm\">Edad Contempor\u00e1nea 10<\/a><br \/>\n<a href=\"http:\/\/cplosangeles.juntaextremadura.net\/web\/cmedio6\/espana_en_la_edad_contemporanea\/contem12.htm\">Edad Contempor\u00e1nea 11<br \/>\nEdad Contempor\u00e1nea 12<\/a><\/h4>\n<\/td>\n<\/tr>\n<tr bgcolor=\"#ffccff\">\n<td width=\"30%\" height=\"31\" align=\"center\" valign=\"middle\" bgcolor=\"#cccccc\"><strong>Florentino        S\u00e1nchez Mart\u00edn<\/strong><\/td>\n<td width=\"41%\" height=\"31\" align=\"center\" valign=\"middle\" bgcolor=\"#ffcc66\">C.P. \u201cLos \u00c1ngeles\u201d          Caminomorisco<br \/>\n(C\u00e1ceres)<\/td>\n<td width=\"29%\" height=\"31\" align=\"center\" valign=\"middle\" bgcolor=\"#cccccc\">florentinosanchez @edu.juntaextremadura.net<\/td>\n<\/tr>\n<\/tbody>\n<\/table>\n<\/div>\n<\/div>\n<p><a id=\"commenttab\" href=\"void(0);\"><\/a><a id=\"trackbacktab\" href=\"void(0);\"><br \/>\n<\/a><\/p>\n","protected":false},"excerpt":{"rendered":"<p>Tema 8 \u201cLa \u00e9poca de la Industrializaci\u00f3n\u201d En esta unidad aprender\u00e1s: Una nueva dinast\u00eda: los Borbones La ilustraci\u00f3n y el liberalismo La Revoluci\u00f3n industrial. Las clases sociales del siglo XIX: El capitalismo, burgues\u00eda industrial y los obreros La ciudad industrial La Espa\u00f1a del siglo XIX El arte del siglo XIX Esquema: Comenzamos con unos videos: [&hellip;]<\/p>\n","protected":false},"author":6,"featured_media":0,"parent":425,"menu_order":8,"comment_status":"open","ping_status":"open","template":"","meta":[],"_links":{"self":[{"href":"https:\/\/cpcorella.educacion.navarra.es\/blogs\/3ciclo\/wp-json\/wp\/v2\/pages\/769"}],"collection":[{"href":"https:\/\/cpcorella.educacion.navarra.es\/blogs\/3ciclo\/wp-json\/wp\/v2\/pages"}],"about":[{"href":"https:\/\/cpcorella.educacion.navarra.es\/blogs\/3ciclo\/wp-json\/wp\/v2\/types\/page"}],"author":[{"embeddable":true,"href":"https:\/\/cpcorella.educacion.navarra.es\/blogs\/3ciclo\/wp-json\/wp\/v2\/users\/6"}],"replies":[{"embeddable":true,"href":"https:\/\/cpcorella.educacion.navarra.es\/blogs\/3ciclo\/wp-json\/wp\/v2\/comments?post=769"}],"version-history":[{"count":0,"href":"https:\/\/cpcorella.educacion.navarra.es\/blogs\/3ciclo\/wp-json\/wp\/v2\/pages\/769\/revisions"}],"up":[{"embeddable":true,"href":"https:\/\/cpcorella.educacion.navarra.es\/blogs\/3ciclo\/wp-json\/wp\/v2\/pages\/425"}],"wp:attachment":[{"href":"https:\/\/cpcorella.educacion.navarra.es\/blogs\/3ciclo\/wp-json\/wp\/v2\/media?parent=769"}],"curies":[{"name":"wp","href":"https:\/\/api.w.org\/{rel}","templated":true}]}}