{"id":509,"date":"2010-01-17T18:30:07","date_gmt":"2010-01-17T18:30:07","guid":{"rendered":"http:\/\/pitagorines.wordpress.com\/?page_id=509"},"modified":"2010-01-17T18:30:07","modified_gmt":"2010-01-17T18:30:07","slug":"tema-3","status":"publish","type":"page","link":"https:\/\/cpcorella.educacion.navarra.es\/blogs\/3ciclo\/quinto\/lengua-3\/tema-3\/","title":{"rendered":"UNIDAD 3: Nada es lo que parece"},"content":{"rendered":"<h2>UNIDAD 3: Nada es lo que parece<\/h2>\n<div><\/div>\n<div>\n<table border=\"1\" cellspacing=\"0\" cellpadding=\"0\">\n<tbody>\n<tr>\n<td colspan=\"2\" width=\"489\" valign=\"top\">LENGUA <strong>UNIDAD 3: Nada es lo que  parece<em> <\/em><\/strong><\/td>\n<\/tr>\n<tr>\n<td width=\"215\" valign=\"top\">CONTENIDOS<\/td>\n<td width=\"274\" valign=\"top\">RECURSOS<\/td>\n<\/tr>\n<tr>\n<td width=\"215\" valign=\"top\">El adjetivo calificativo. G\u00e9nero y n\u00famero. Grados<\/td>\n<td width=\"274\" valign=\"top\">\n<ul>\n<li><a href=\"http:\/\/www.rena.edu.ve\/SegundaEtapa\/Literatura\/adjetivoss.html\" target=\"_blank\">ADJETIVOS Y SUSTANTIVOS<\/a><\/li>\n<li><a href=\"http:\/\/clic.xtec.net\/db\/jclicApplet.jsp?project=http:\/\/clic.xtec.net\/projects\/gramat\/jclic\/gramat.jclic.zip&amp;lang=es\" target=\"_blank\">ACTIVIDADES DE GRAM\u00c1TICA <\/a><\/li>\n<li><a href=\"http:\/\/www.aplicaciones.info\/lengua\/morfo09.htm\" target=\"_blank\">EL  ADJETIVO CALIFICATIVO<\/a><\/li>\n<li><a href=\"http:\/\/www.librosvivos.net\/smtc\/homeTC.asp?TemaClave=1012\" target=\"_blank\">EL ADJETIVO I<\/a><\/li>\n<li><a href=\"http:\/\/www.ceipjuanherreraalcausa.es\/Recursosdidacticos\/QUINTO\/Lengua\/U08\/0804.htm\" target=\"_blank\">EL ADJETIVO II<\/a><\/li>\n<li><a href=\"http:\/\/www.primaria.librosvivos.net\/5EP_Len_cas_ud8_adjetivo_1.html\" target=\"_blank\">EL ADJETIVO III<\/a><\/li>\n<\/ul>\n<\/td>\n<\/tr>\n<tr>\n<td width=\"215\" valign=\"top\">Uso de la tilde en las palabras llanas<\/td>\n<td width=\"274\" valign=\"top\">\n<ul>\n<li><a href=\"http:\/\/www.aplicaciones.info\/ortogra2\/opal29.htm\" target=\"_blank\">PALABRAS CON ACENTOS<\/a><\/li>\n<li><\/li>\n<li><a href=\"http:\/\/www.reglasdeortografia.com\/acentollanas01.html\" target=\"_blank\">ACENTUACI\u00d3N DE LAS PALABRAS LLANAS I<\/a><\/li>\n<li><a href=\"http:\/\/www.reglasdeortografia.com\/acentollanas02.html\" target=\"_blank\">ACENTUACI\u00d3N DE LAS PALABRAS LLANAS II<\/a><\/li>\n<li><a href=\"http:\/\/www.reglasdeortografia.com\/acentollanas03.html\" target=\"_blank\">ACENTUACI\u00d3N DE LAS PALABRAS LLANAS III<\/a><\/li>\n<li><a href=\"http:\/\/www.primaria.librosvivos.net\/5EP_Len_cas_dict_u3_la_tilde_en_las_palabras_llanas.html\" target=\"_blank\">DICTADO<\/a><\/li>\n<\/ul>\n<\/td>\n<\/tr>\n<tr>\n<td width=\"215\" valign=\"top\">Los prefijos.<\/td>\n<td width=\"274\" valign=\"top\">\n<ul>\n<li><a href=\"http:\/\/centros3.pntic.mec.es\/cp.antonio.de.ulloa\/webactivhotpot\/raiz\/Hot%20Pot\/lengua6\/prefijossufijos\/situacionintensidad.htm\" target=\"_blank\">PREFIJOS DE SITUACI\u00d3N E INTENSIDAD<\/a><\/li>\n<li><a href=\"http:\/\/centros3.pntic.mec.es\/cp.antonio.de.ulloa\/webactivhotpot\/raiz\/Hot%20Pot\/lengua6\/prefijossufijos\/negopositinten5.htm\" target=\"_blank\">PREFIJOS I<\/a><\/li>\n<li><a href=\"http:\/\/centros3.pntic.mec.es\/cp.antonio.de.ulloa\/webactivhotpot\/raiz\/Hot%20Pot\/lengua6\/prefijossufijos\/negopositinten6.htm\" target=\"_blank\">PREFIJOS II<\/a><\/li>\n<li><a href=\"http:\/\/centros3.pntic.mec.es\/cp.antonio.de.ulloa\/webactivhotpot\/raiz\/Hot%20Pot\/lengua6\/prefijossufijos\/situacionintensidad.htm\" target=\"_blank\">PREFIJOS III<\/a><\/li>\n<li><a href=\"http:\/\/www.ceipjuanherreraalcausa.es\/Recursosdidacticos\/QUINTO\/Lengua\/U07\/0701_01.htm\" target=\"_blank\">PREFIJOS IV<\/a><\/li>\n<li><a href=\"http:\/\/www.ceipjuanherreraalcausa.es\/Recursosdidacticos\/QUINTO\/Lengua\/U07\/0701_02.htm\" target=\"_blank\">PREFIJOS V<\/a><\/li>\n<li><a href=\"http:\/\/www.ceipjuanherreraalcausa.es\/Recursosdidacticos\/QUINTO\/Lengua\/U07\/0701_01.htm\" target=\"_blank\">PREFIJOS VI<\/a><\/li>\n<li><a href=\"http:\/\/www.ceipjuanherreraalcausa.es\/Recursosdidacticos\/QUINTO\/Lengua\/U07\/0701_02.htm\" target=\"_blank\">PREFIJOS VII<\/a><\/li>\n<\/ul>\n<\/td>\n<\/tr>\n<tr>\n<td width=\"215\" valign=\"top\">Los textos instructivos.<\/td>\n<td width=\"274\" valign=\"top\"><\/td>\n<\/tr>\n<tr>\n<td width=\"215\" valign=\"top\"><\/td>\n<td width=\"274\" valign=\"top\"><\/td>\n<\/tr>\n<tr>\n<td width=\"215\" valign=\"top\">Otras actividades<\/td>\n<td width=\"274\" valign=\"top\"><\/td>\n<\/tr>\n<\/tbody>\n<\/table>\n<\/div>\n","protected":false},"excerpt":{"rendered":"<p>UNIDAD 3: Nada es lo que parece LENGUA UNIDAD 3: Nada es lo que parece CONTENIDOS RECURSOS El adjetivo calificativo. G\u00e9nero y n\u00famero. Grados ADJETIVOS Y SUSTANTIVOS ACTIVIDADES DE GRAM\u00c1TICA EL ADJETIVO CALIFICATIVO EL ADJETIVO I EL ADJETIVO II EL ADJETIVO III Uso de la tilde en las palabras llanas PALABRAS CON ACENTOS ACENTUACI\u00d3N DE [&hellip;]<\/p>\n","protected":false},"author":6,"featured_media":0,"parent":465,"menu_order":3,"comment_status":"open","ping_status":"open","template":"","meta":[],"_links":{"self":[{"href":"https:\/\/cpcorella.educacion.navarra.es\/blogs\/3ciclo\/wp-json\/wp\/v2\/pages\/509"}],"collection":[{"href":"https:\/\/cpcorella.educacion.navarra.es\/blogs\/3ciclo\/wp-json\/wp\/v2\/pages"}],"about":[{"href":"https:\/\/cpcorella.educacion.navarra.es\/blogs\/3ciclo\/wp-json\/wp\/v2\/types\/page"}],"author":[{"embeddable":true,"href":"https:\/\/cpcorella.educacion.navarra.es\/blogs\/3ciclo\/wp-json\/wp\/v2\/users\/6"}],"replies":[{"embeddable":true,"href":"https:\/\/cpcorella.educacion.navarra.es\/blogs\/3ciclo\/wp-json\/wp\/v2\/comments?post=509"}],"version-history":[{"count":0,"href":"https:\/\/cpcorella.educacion.navarra.es\/blogs\/3ciclo\/wp-json\/wp\/v2\/pages\/509\/revisions"}],"up":[{"embeddable":true,"href":"https:\/\/cpcorella.educacion.navarra.es\/blogs\/3ciclo\/wp-json\/wp\/v2\/pages\/465"}],"wp:attachment":[{"href":"https:\/\/cpcorella.educacion.navarra.es\/blogs\/3ciclo\/wp-json\/wp\/v2\/media?parent=509"}],"curies":[{"name":"wp","href":"https:\/\/api.w.org\/{rel}","templated":true}]}}