{"id":498,"date":"2010-01-17T18:25:36","date_gmt":"2010-01-17T18:25:36","guid":{"rendered":"http:\/\/pitagorines.wordpress.com\/?page_id=498"},"modified":"2010-01-17T18:25:36","modified_gmt":"2010-01-17T18:25:36","slug":"tema-13","status":"publish","type":"page","link":"https:\/\/cpcorella.educacion.navarra.es\/blogs\/3ciclo\/quinto\/matematicas\/tema-13\/","title":{"rendered":"Tema 13 \u201cMedida de la superficie\u201d"},"content":{"rendered":"<h2>Tema 13 \u201cMedida de la superficie\u201d<\/h2>\n<div><a href=\"http:\/\/irati.pnte.cfnavarra.es\/multiblog\/jrodrig3\/quinto\/matematicas\/tema-13-%e2%80%9cmedida-de-la-superficie%e2%80%9d\/#comments\"><br \/>\n<\/a><\/div>\n<table border=\"1\" cellspacing=\"0\" cellpadding=\"0\">\n<tbody>\n<tr>\n<td colspan=\"2\" width=\"489\" valign=\"top\">MATEM\u00c1TICAS Tema 13 \u201cMedida de la superficie\u201d<\/td>\n<\/tr>\n<tr>\n<td width=\"215\" valign=\"top\">CONTENIDOS<\/td>\n<td width=\"274\" valign=\"top\">RECURSOS<\/td>\n<\/tr>\n<tr>\n<td width=\"215\" valign=\"top\">Medida de superficies: el \u00e1rea.<\/td>\n<td width=\"274\" valign=\"top\">\n<ul>\n<li><a href=\"http:\/\/www.aplicaciones.info\/decimales\/siste04.htm\" target=\"_blank\">MEDIDAS DE   SUPERFICIE<\/a><\/li>\n<li><a href=\"http:\/\/w3.cnice.mec.es\/recursos\/primaria\/matematicas\/superficie\/a1\/menu.html\" target=\"_blank\">FIGURAS PLANAS. CUADRADOS Y RECT\u00c1NGULOS<\/a><\/li>\n<li><a href=\"http:\/\/clic.xtec.net\/db\/jclicApplet.jsp?project=http:\/\/clic.xtec.net\/projects\/matsexto\/jclic\/matsexto.jclic.zip&amp;lang=es\" target=\"_blank\">GEOMETR\u00cdA: PROBLEMAS<\/a><\/li>\n<li><a href=\"http:\/\/thales.cica.es\/rd\/Recursos\/rd99\/ed99-0263-02\/geometria\/barra1.htm\" target=\"_blank\">\u00c1REA DE LAS FIGURAS PLANAS<\/a><\/li>\n<li><a href=\"http:\/\/www.genmagic.org\/mates1\/ap1c.swf\" target=\"_blank\">\u00c1REAS<\/a><\/li>\n<\/ul>\n<\/td>\n<\/tr>\n<tr>\n<td width=\"215\" valign=\"top\">Unidades de superficie: metro cuadrado, dec\u00edmetro cuadrado y   cent\u00edmetro cuadrado.<\/td>\n<td width=\"274\" valign=\"top\">\n<ul>\n<li><a href=\"http:\/\/www.aplicaciones.info\/decimales\/siste04.htm\" target=\"_blank\">MEDIDAS DE   SUPERFICIE<\/a><\/li>\n<\/ul>\n<\/td>\n<\/tr>\n<tr>\n<td width=\"215\" valign=\"top\">\u00c1rea del cuadrado.<\/td>\n<td rowspan=\"2\" width=\"274\" valign=\"top\">\n<ul>\n<li><a href=\"http:\/\/w3.cnice.mec.es\/recursos\/primaria\/matematicas\/superficie\/a1\/menu.html\" target=\"_blank\">FIGURAS PLANAS. CUADRADOS Y RECT\u00c1NGULOS<\/a><\/li>\n<li><a href=\"http:\/\/thales.cica.es\/rd\/Recursos\/rd99\/ed99-0263-02\/geometria\/barra1.htm\" target=\"_blank\">\u00c1REA DE LAS FIGURAS PLANAS<\/a><\/li>\n<li><a href=\"http:\/\/www.genmagic.org\/mates1\/ap1c.swf\" target=\"_blank\">\u00c1REAS<\/a><\/li>\n<\/ul>\n<\/td>\n<\/tr>\n<tr>\n<td width=\"215\" valign=\"top\">\u00c1rea del rect\u00e1ngulo.<\/td>\n<\/tr>\n<tr>\n<td width=\"215\" valign=\"top\">\u00c1rea del romboide.<\/td>\n<td width=\"274\" valign=\"top\">\n<ul>\n<li><a href=\"http:\/\/www.aplicaciones.info\/decimales\/geopla06.htm\" target=\"_blank\">\u00c1REA DEL   ROMBO Y TRAPECIO<\/a><\/li>\n<\/ul>\n<\/td>\n<\/tr>\n<tr>\n<td width=\"215\" valign=\"top\">\u00c1rea del tri\u00e1ngulo.<\/td>\n<td width=\"274\" valign=\"top\">\n<ul>\n<li><a href=\"http:\/\/www.aplicaciones.info\/decimales\/geopla05.htm\" target=\"_blank\">\u00c1REA DEL   PARALELOGRAMO Y TRI\u00c1NGULO<\/a><\/li>\n<\/ul>\n<\/td>\n<\/tr>\n<tr>\n<td width=\"215\" valign=\"top\">Otras actividades<\/td>\n<td width=\"274\" valign=\"top\">\n<ul>\n<li><a href=\"http:\/\/contenidos.proyectoagrega.es\/visualizar\/es\/es_20080625_2_9025807\/false\" target=\"_blank\">CONCEPTO DE SUPERFICIE<\/a><\/li>\n<li><a href=\"http:\/\/contenidos.proyectoagrega.es\/visualizar\/es\/es_20080625_2_9025814\/false\" target=\"_blank\">MEDIDAS DE SUPERFICIE<\/a><\/li>\n<li><a href=\"http:\/\/www.isftic.mepsyd.es\/w3\/recursos\/primaria\/matematicas\/superficie\/menu.html\" target=\"_blank\">LA SUPERFICIE<\/a><\/li>\n<li><a href=\"http:\/\/www.genmagic.org\/mates2\/merlicc1c.swf\">REPASAMOS COORDENADAS.<\/a><\/li>\n<li><a href=\"http:\/\/recursos.pnte.cfnavarra.es\/%7Emsadaall\/geogebra\/areas.htm\">PARA   CALCULAR \u00c1REAS<\/a>.<\/li>\n<li><a href=\"http:\/\/recursos.pnte.cfnavarra.es\/%7Emsadaall\/geogebra\/areas.htm\" target=\"_blank\">\u00c1REAS DE POL\u00cdGONOS<\/a><\/li>\n<li><a href=\"http:\/\/contenidos.santillanaenred.com\/jukebox\/servlet\/GetPlayer?p3v=true&amp;xref=200602211054_PRE_0_351705463&amp;mode=1&amp;rtc=1001&amp;locale=es_ES&amp;cache=false\">POL\u00cdGONOS,   \u00c1REAS Y PER\u00cdMETROS.<\/a><\/li>\n<li><a href=\"http:\/\/contenidos.santillanaenred.com\/jukebox\/servlet\/GetPlayer?p3v=true&amp;xref=200601231127_AC_0_-1761922772&amp;mode=1&amp;rtc=1001&amp;locale=es_ES&amp;cache=false\">COMPRUEBA   LO QUE SABES<\/a><\/li>\n<li><a href=\"http:\/\/contenidos.santillanaenred.com\/jukebox\/servlet\/GetPlayer?p3v=true&amp;xref=200601231130_AC_0_-386704904&amp;mode=1&amp;rtc=1001&amp;locale=es_ES&amp;cache=false\">FIGURAS Y   \u00c1REAS<\/a><\/li>\n<li><a href=\"http:\/\/contenidos.santillanaenred.com\/jukebox\/servlet\/GetPlayer?p3v=true&amp;xref=200601231133_AC_0_-1107250994&amp;mode=1&amp;rtc=1001&amp;locale=es_ES&amp;cache=false\">PER\u00cdMETRO<\/a><\/li>\n<li><a href=\"http:\/\/contenidos.santillanaenred.com\/jukebox\/servlet\/GetPlayer?p3v=true&amp;xref=200512261329_AC_0_2098367501&amp;mode=1&amp;rtc=1001&amp;locale=es_ES&amp;cache=false\">VERDADERO O   FALSO<\/a><\/li>\n<li><a href=\"http:\/\/conteni2.educarex.es\/mats\/11797\/contenido\">\u00c1REAS Y   PER\u00cdMETROS<\/a><\/li>\n<li><a href=\"http:\/\/www.escolar.com\/matem\/21mesuperf.htm\" target=\"_blank\">MEDIDAS DE   SUPERFICIE <\/a><\/li>\n<li><a href=\"http:\/\/www.aplicaciones.info\/decimales\/siste04.htm\" target=\"_blank\">MEDIDAS DE   SUPERFICIE <\/a><\/li>\n<li><a href=\"http:\/\/descartes.isftic.mepsyd.es\/edad\/1esomatematicas_1\/1quincena9\/index_1quincena9.htm\" target=\"_blank\">POL\u00cdGONOS, PER\u00cdMETROS Y SUPERFICIES<\/a><\/li>\n<\/ul>\n<\/td>\n<\/tr>\n<\/tbody>\n<\/table>\n","protected":false},"excerpt":{"rendered":"<p>Tema 13 \u201cMedida de la superficie\u201d MATEM\u00c1TICAS Tema 13 \u201cMedida de la superficie\u201d CONTENIDOS RECURSOS Medida de superficies: el \u00e1rea. MEDIDAS DE SUPERFICIE FIGURAS PLANAS. CUADRADOS Y RECT\u00c1NGULOS GEOMETR\u00cdA: PROBLEMAS \u00c1REA DE LAS FIGURAS PLANAS \u00c1REAS Unidades de superficie: metro cuadrado, dec\u00edmetro cuadrado y cent\u00edmetro cuadrado. MEDIDAS DE SUPERFICIE \u00c1rea del cuadrado. FIGURAS PLANAS. CUADRADOS [&hellip;]<\/p>\n","protected":false},"author":6,"featured_media":0,"parent":463,"menu_order":13,"comment_status":"open","ping_status":"open","template":"","meta":[],"_links":{"self":[{"href":"https:\/\/cpcorella.educacion.navarra.es\/blogs\/3ciclo\/wp-json\/wp\/v2\/pages\/498"}],"collection":[{"href":"https:\/\/cpcorella.educacion.navarra.es\/blogs\/3ciclo\/wp-json\/wp\/v2\/pages"}],"about":[{"href":"https:\/\/cpcorella.educacion.navarra.es\/blogs\/3ciclo\/wp-json\/wp\/v2\/types\/page"}],"author":[{"embeddable":true,"href":"https:\/\/cpcorella.educacion.navarra.es\/blogs\/3ciclo\/wp-json\/wp\/v2\/users\/6"}],"replies":[{"embeddable":true,"href":"https:\/\/cpcorella.educacion.navarra.es\/blogs\/3ciclo\/wp-json\/wp\/v2\/comments?post=498"}],"version-history":[{"count":0,"href":"https:\/\/cpcorella.educacion.navarra.es\/blogs\/3ciclo\/wp-json\/wp\/v2\/pages\/498\/revisions"}],"up":[{"embeddable":true,"href":"https:\/\/cpcorella.educacion.navarra.es\/blogs\/3ciclo\/wp-json\/wp\/v2\/pages\/463"}],"wp:attachment":[{"href":"https:\/\/cpcorella.educacion.navarra.es\/blogs\/3ciclo\/wp-json\/wp\/v2\/media?parent=498"}],"curies":[{"name":"wp","href":"https:\/\/api.w.org\/{rel}","templated":true}]}}