{"id":490,"date":"2010-01-17T18:22:39","date_gmt":"2010-01-17T18:22:39","guid":{"rendered":"http:\/\/pitagorines.wordpress.com\/?page_id=490"},"modified":"2010-01-17T18:22:39","modified_gmt":"2010-01-17T18:22:39","slug":"tema-9","status":"publish","type":"page","link":"https:\/\/cpcorella.educacion.navarra.es\/blogs\/3ciclo\/quinto\/matematicas\/tema-9\/","title":{"rendered":"Tema 9 \u201cLa capacidad y el peso\u201d"},"content":{"rendered":"<h2>Tema 9 \u201cLa capacidad y el peso\u201d<\/h2>\n<div><a href=\"http:\/\/irati.pnte.cfnavarra.es\/multiblog\/jrodrig3\/quinto\/matematicas\/tema-9-%e2%80%9cla-capacidad-y-el-peso%e2%80%9d\/#comments\"><br \/>\n<\/a><\/div>\n<table border=\"1\" cellspacing=\"0\" cellpadding=\"0\">\n<tbody>\n<tr>\n<td colspan=\"2\" width=\"489\" valign=\"top\">MATEM\u00c1TICAS Tema 9 \u201cLa capacidad y el peso\u201d<\/td>\n<\/tr>\n<tr>\n<td width=\"215\" valign=\"top\">CONTENIDOS<\/td>\n<td width=\"274\" valign=\"top\">RECURSOS<\/td>\n<\/tr>\n<tr>\n<td width=\"215\" valign=\"top\">Las unidades de capacidad: m\u00faltiplos y subm\u00faltiplos.<\/td>\n<td width=\"274\" valign=\"top\">\n<ul>\n<li><a href=\"http:\/\/www.aplicaciones.info\/decimales\/siste02.htm\" target=\"_blank\">MEDIDAS DE   CAPACIDAD I<\/a><\/li>\n<li>UNIDADES DE   CAPACIDAD MENORES QUE EL LITRO<\/li>\n<li><a href=\"http:\/\/www.gobiernodecanarias.org\/educacion\/usr\/eltanque\/todo_mate\/medidas\/capacidad\/capacidad_p.html\" target=\"_blank\">MEDIDAS DE CAPACIDAD II<\/a><\/li>\n<li><a href=\"http:\/\/clic.xtec.net\/db\/jclicApplet.jsp?project=http:\/\/clic.xtec.net\/projects\/smd\/jclic\/smd.jclic.zip&amp;lang=es\" target=\"_blank\">SISTEMA M\u00c9TRICO DECIMAL<\/a><\/li>\n<li><a href=\"http:\/\/www.juntadeandalucia.es\/averroes\/recursos_informaticos\/andared01\/sistema_metrico\/sistemaMetrico.swf\" target=\"_blank\">PARA TRABAJAR LA UNIDAD<\/a><\/li>\n<\/ul>\n<\/td>\n<\/tr>\n<tr>\n<td width=\"215\" valign=\"top\">Las unidades de peso: m\u00faltiplos y subm\u00faltiplos.<\/td>\n<td width=\"274\" valign=\"top\">\n<ul>\n<li><a href=\"http:\/\/www.aplicaciones.info\/decimales\/siste03.htm\" target=\"_blank\">MEDIDAS DE   MASA (PESO)<\/a><\/li>\n<li> <a href=\"http:\/\/cprmerida.juntaextremadura.net\/matematicas\/aplicacion\/pesomasa\/menu.html\" target=\"_blank\">EL PESO Y LA MASA<\/a><\/li>\n<li>UNIDADES DE   MASA MENORES QUE EL GRAMO<\/li>\n<li><a href=\"http:\/\/www.gobiernodecanarias.org\/educacion\/usr\/eltanque\/todo_mate\/medidas\/masa\/masa_p.html\" target=\"_blank\">MEDIDAS DE MASA<\/a><\/li>\n<\/ul>\n<\/td>\n<\/tr>\n<tr>\n<td width=\"215\" valign=\"top\">Expresiones complejas e incomplejas.<\/td>\n<td width=\"274\" valign=\"top\">\n<ul>\n<li><a href=\"http:\/\/www.juntadeandalucia.es\/averroes\/centros-tic\/41009470\/helvia\/aula\/archivos\/repositorio\/0\/58\/html\/datos\/03_Mates\/Actividad\/Otro_nivel\/ud10\/1003.htm\" target=\"_blank\">FORMA COMPLEJA E INCOMPLEJA DE MEDIDAS DE CAPACIDAD<\/a><\/li>\n<li><a href=\"http:\/\/www.juntadeandalucia.es\/averroes\/centros-tic\/41009470\/helvia\/aula\/archivos\/repositorio\/0\/58\/html\/datos\/03_Mates\/Actividad\/Otro_nivel\/ud10\/1004.htm\" target=\"_blank\">FORMA COMPLEJA E INCOMPLEJA DE MEDIDAS DE PESO<\/a><\/li>\n<\/ul>\n<\/td>\n<\/tr>\n<tr>\n<td width=\"215\" valign=\"top\">Operaciones con medidas de capacidad y de peso.<\/td>\n<td width=\"274\" valign=\"top\">\n<ul>\n<li><a href=\"http:\/\/www.juntadeandalucia.es\/averroes\/centros-tic\/41009470\/helvia\/aula\/archivos\/repositorio\/0\/58\/html\/datos\/03_Mates\/Actividad\/Otro_nivel\/ud10\/1005.htm\" target=\"_blank\">SUMAS Y RESTAS CON MEDIDAS DE CAPACIDAD Y PESO<\/a><\/li>\n<\/ul>\n<\/td>\n<\/tr>\n<tr>\n<td width=\"215\" valign=\"top\"><\/td>\n<td width=\"274\" valign=\"top\"><\/td>\n<\/tr>\n<tr>\n<td width=\"215\" valign=\"top\">Otras actividades.<\/td>\n<td width=\"274\" valign=\"top\">\n<ul>\n<li><a href=\"http:\/\/www.gobiernodecanarias.org\/educacion\/9\/Usr\/eltanque\/todo_mate\/r_medidas\/medidas_p.html\" target=\"_blank\">APR\u00c9NDELO TU MISMO<\/a><\/li>\n<li><a href=\"http:\/\/www.aplicaciones.info\/decimales\/siste02.htm\" target=\"_blank\">MEDIDAS DE   CAPACIDAD<\/a><\/li>\n<li><a href=\"http:\/\/conteni2.educarex.es\/mats\/11848\/contenido\/\" target=\"_blank\">MEDIDAS DE   MASA (PESO)<\/a><\/li>\n<li><a href=\"http:\/\/www.isftic.mepsyd.es\/w3\/recursos\/primaria\/matematicas\/volumen\/menu.html\" target=\"_blank\">UNIDADES DE CAPACIDAD<\/a><\/li>\n<li><a href=\"http:\/\/conteni2.educarex.es\/mats\/11847\/contenido\/\" target=\"_blank\">VOLUMEN O   CAPACIDAD<\/a><\/li>\n<li><a href=\"http:\/\/redes.agrega.indra.es\/repositorio\/13062008\/es_20080613_2_9161940\/index.html\" target=\"_blank\">LA CAPACIDAD<\/a><\/li>\n<li><a href=\"http:\/\/contenidos.proyectoagrega.es\/repositorio\/25062008\/es_20080625_2_9025430\/index.html\" target=\"_blank\">LA CAPACIDAD (II)<\/a><\/li>\n<li><a href=\"http:\/\/redes.agrega.indra.es\/repositorio\/13062008\/es_20080613_2_9161940\/index.html\" target=\"_blank\">MEDIDAS DE CAPACIDAD<\/a><\/li>\n<li><a href=\"http:\/\/shots.snap.com\/explore\/5406\/?url=http%3A%2F%2Fcontenidos.proyectoagrega.es%2Frepositorio%2F25062008%2Fes_20080625_3_9025456%2F%2Findex.html&amp;key=e5a3c1e6dff5de35b1c6e7c470411886&amp;src=pub-2311827-www.wordpress.com&amp;cp=&amp;tol=image\" target=\"_blank\">LA MASA<\/a><\/li>\n<li><a href=\"http:\/\/www.gobiernodecanarias.org\/educacion\/9\/Usr\/eltanque\/todo_mate\/medidas\/masa\/masa_p.html\" target=\"_blank\">MEDIDAS DE PESO<\/a><\/li>\n<li><a href=\"http:\/\/contenidos.santillanaenred.com\/jukebox\/servlet\/GetPlayer?p3v=true&amp;xref=200601171336_AC_0_-1905599782&amp;mode=1&amp;rtc=1001&amp;locale=es_ES&amp;cache=false\" target=\"_blank\">MEDIDAS DE PESO<\/a><\/li>\n<li><a href=\"http:\/\/www.isftic.mepsyd.es\/w3\/recursos\/primaria\/matematicas\/pesomasa\/index.html\" target=\"_blank\">EL PESO\u00a0 Y LA MASA<\/a><\/li>\n<li><a href=\"http:\/\/conteni2.educarex.es\/mats\/11848\/contenido\/\" target=\"_blank\">PESO<\/a><\/li>\n<li><a href=\"http:\/\/www.genmagic.net\/fisica\/fc22c.swf\" target=\"_blank\">CONVERTIR   UNIDADES<\/a><\/li>\n<li><a href=\"http:\/\/conteni2.educarex.es\/mats\/11792\/contenido\/\" target=\"_blank\">SISTEMA   M\u00c9TRICO DECIMAL<\/a><\/li>\n<li><a href=\"http:\/\/conteni2.educarex.es\/mats\/11847\/contenido\/\" target=\"_blank\">VOLUMEN Y   CAPACIDAD<\/a><\/li>\n<li><a href=\"http:\/\/redes.agrega.indra.es\/repositorio\/13062008\/es_20080613_3_9162810\/index.html\" target=\"_blank\">EL VOLUMEN<\/a><\/li>\n<li><a href=\"http:\/\/www.juntadeandalucia.es\/averroes\/centros-tic\/41009470\/helvia\/aula\/archivos\/repositorio\/0\/58\/html\/datos\/03_Mates\/Actividad\/Otro_nivel\/ud10\/1001.htm\" target=\"_blank\">CAMBIO DE UNIDADES DE CAPACIDAD<\/a><\/li>\n<li><a href=\"http:\/\/www.gobiernodecanarias.org\/educacion\/9\/Usr\/eltanque\/todo_mate\/medidas_e\/capacidad_e\/capacidad_ep.html\" target=\"_blank\">RELACI\u00d3N ENTRE MEDIDAS DE CAPACIDAD<\/a><\/li>\n<li><a href=\"http:\/\/www.juntadeandalucia.es\/averroes\/centros-tic\/41009470\/helvia\/aula\/archivos\/repositorio\/0\/58\/html\/datos\/03_Mates\/Actividad\/Otro_nivel\/ud10\/1002.htm\" target=\"_blank\">CAMBIO DE UNIDADES DE PESO<\/a><\/li>\n<li><a href=\"http:\/\/contenidos.santillanaenred.com\/jukebox\/servlet\/GetPlayer?p3v=true&amp;xref=200601241115_AC_0_293922050&amp;mode=1&amp;rtc=1001&amp;locale=es_ES&amp;cache=false\" target=\"_blank\">RECUERDA LO QUE SABES<\/a><\/li>\n<li><a href=\"http:\/\/contenidos.santillanaenred.com\/jukebox\/servlet\/GetPlayer?p3v=true&amp;xref=200602220931_PRE_0_150217962&amp;mode=1&amp;rtc=1001&amp;locale=es_ES&amp;cache=false\" target=\"_blank\">MEDIDAS AGRARIAS<\/a><\/li>\n<\/ul>\n<\/td>\n<\/tr>\n<\/tbody>\n<\/table>\n","protected":false},"excerpt":{"rendered":"<p>Tema 9 \u201cLa capacidad y el peso\u201d MATEM\u00c1TICAS Tema 9 \u201cLa capacidad y el peso\u201d CONTENIDOS RECURSOS Las unidades de capacidad: m\u00faltiplos y subm\u00faltiplos. MEDIDAS DE CAPACIDAD I UNIDADES DE CAPACIDAD MENORES QUE EL LITRO MEDIDAS DE CAPACIDAD II SISTEMA M\u00c9TRICO DECIMAL PARA TRABAJAR LA UNIDAD Las unidades de peso: m\u00faltiplos y subm\u00faltiplos. MEDIDAS DE [&hellip;]<\/p>\n","protected":false},"author":6,"featured_media":0,"parent":463,"menu_order":9,"comment_status":"open","ping_status":"open","template":"","meta":[],"_links":{"self":[{"href":"https:\/\/cpcorella.educacion.navarra.es\/blogs\/3ciclo\/wp-json\/wp\/v2\/pages\/490"}],"collection":[{"href":"https:\/\/cpcorella.educacion.navarra.es\/blogs\/3ciclo\/wp-json\/wp\/v2\/pages"}],"about":[{"href":"https:\/\/cpcorella.educacion.navarra.es\/blogs\/3ciclo\/wp-json\/wp\/v2\/types\/page"}],"author":[{"embeddable":true,"href":"https:\/\/cpcorella.educacion.navarra.es\/blogs\/3ciclo\/wp-json\/wp\/v2\/users\/6"}],"replies":[{"embeddable":true,"href":"https:\/\/cpcorella.educacion.navarra.es\/blogs\/3ciclo\/wp-json\/wp\/v2\/comments?post=490"}],"version-history":[{"count":0,"href":"https:\/\/cpcorella.educacion.navarra.es\/blogs\/3ciclo\/wp-json\/wp\/v2\/pages\/490\/revisions"}],"up":[{"embeddable":true,"href":"https:\/\/cpcorella.educacion.navarra.es\/blogs\/3ciclo\/wp-json\/wp\/v2\/pages\/463"}],"wp:attachment":[{"href":"https:\/\/cpcorella.educacion.navarra.es\/blogs\/3ciclo\/wp-json\/wp\/v2\/media?parent=490"}],"curies":[{"name":"wp","href":"https:\/\/api.w.org\/{rel}","templated":true}]}}