{"id":488,"date":"2010-01-17T18:21:59","date_gmt":"2010-01-17T18:21:59","guid":{"rendered":"http:\/\/pitagorines.wordpress.com\/?page_id=488"},"modified":"2010-01-17T18:21:59","modified_gmt":"2010-01-17T18:21:59","slug":"tema-8","status":"publish","type":"page","link":"https:\/\/cpcorella.educacion.navarra.es\/blogs\/3ciclo\/quinto\/matematicas\/tema-8\/","title":{"rendered":"Tema 8 \u201c La medida de la longitud\u201d"},"content":{"rendered":"<h2>Tema 8 \u201c La medida de la longitud\u201d<\/h2>\n<div><a href=\"http:\/\/irati.pnte.cfnavarra.es\/multiblog\/jrodrig3\/quinto\/matematicas\/tema-8-%e2%80%9c-la-medida-de-la-longitud%e2%80%9d\/#comments\"><br \/>\n<\/a><\/div>\n<table border=\"1\" cellspacing=\"0\" cellpadding=\"0\">\n<tbody>\n<tr>\n<td colspan=\"2\" width=\"489\" valign=\"top\">MATEM\u00c1TICAS Tema 8 \u201c La medida de la longitud\u201d<\/td>\n<\/tr>\n<tr>\n<td width=\"215\" valign=\"top\">CONTENIDOS<\/td>\n<td width=\"274\" valign=\"top\">RECURSOS<\/td>\n<\/tr>\n<tr>\n<td width=\"215\" valign=\"top\">Las unidades de medida de longitudes: m\u00faltiplos y subm\u00faltiplos.<\/td>\n<td width=\"274\" valign=\"top\">\n<ul>\n<li><a href=\"http:\/\/www.gobiernodecanarias.org\/educacion\/usr\/eltanque\/todo_mate\/medidas\/longitud\/longitud.html\" target=\"_blank\">UNIDADES DE LONGITUD. RELACIONES<\/a><\/li>\n<li><a href=\"http:\/\/clic.xtec.net\/db\/jclicApplet.jsp?project=http:\/\/clic.xtec.net\/projects\/medilong\/jclic\/medilong.jclic.zip&amp;lang=es\" target=\"_blank\">MEDIDAS USUALES<\/a><\/li>\n<li><a href=\"http:\/\/www.aplicaciones.info\/decimales\/siste01.htm\" target=\"_blank\">MEDIDAS DE   LONGITUD<\/a><\/li>\n<li><a href=\"http:\/\/clic.xtec.net\/db\/jclicApplet.jsp?project=http:\/\/clic.xtec.net\/projects\/smd\/jclic\/smd.jclic.zip&amp;lang=es\" target=\"_blank\">SISTEMA M\u00c9TRICO DECIMAL<\/a><\/li>\n<li><a href=\"http:\/\/www.juntadeandalucia.es\/averroes\/recursos_informaticos\/andared01\/sistema_metrico\/sistemaMetrico.swf\" target=\"_blank\">PARA TRABAJAR LA UNIDAD<\/a><\/li>\n<\/ul>\n<\/td>\n<\/tr>\n<tr>\n<td width=\"215\" valign=\"top\">Cambios de unidad.<\/td>\n<td width=\"274\" valign=\"top\">\n<ul>\n<li><a href=\"http:\/\/www.gobiernodecanarias.org\/educacion\/9\/Usr\/eltanque\/todo_mate\/r_medidas\/longitud_p.html\" target=\"_blank\">RELACI\u00d3N ENTRE LAS MEDIDAS DE LONGITUD<\/a><\/li>\n<li><a href=\"http:\/\/www.gobiernodecanarias.org\/educacion\/9\/Usr\/eltanque\/todo_mate\/r_medidas\/e_metro\/longitud_ep.html\" target=\"_blank\">RELACI\u00d3N ENTRE MEDIDAS DE LONGITUD<\/a><\/li>\n<\/ul>\n<\/td>\n<\/tr>\n<tr>\n<td width=\"215\" valign=\"top\">Expresiones complejas e incomplejas.<\/td>\n<td width=\"274\" valign=\"top\">\n<ul>\n<li><a href=\"http:\/\/redes.agrega.indra.es\/repositorio\/13062008\/es_20080613_3_9161840\/index.html\" target=\"_blank\">LA LONGITUD<\/a><\/li>\n<li><a href=\"http:\/\/clic.xtec.net\/db\/jclicApplet.jsp?project=http:\/\/clic.xtec.net\/projects\/magnitud\/jclic\/magnitud.jclic.zip&amp;lang=es\" target=\"_blank\">EXPRESIONES COMPLEJAS E INCOMPLEJAS<\/a><\/li>\n<li><a href=\"http:\/\/www.juntadeandalucia.es\/averroes\/carambolo\/WEB%20JCLIC2\/Agrega\/Matematicas\/Longitud\/contenido\/ma015_oa02_es\/index.html\" target=\"_blank\">EXPRESI\u00d3N SIMPLE Y COMPLEJA<\/a><\/li>\n<\/ul>\n<\/td>\n<\/tr>\n<tr>\n<td width=\"215\" valign=\"top\">Operaciones con medidas de longitud.<\/td>\n<td width=\"274\" valign=\"top\">\n<ul>\n<li><a href=\"http:\/\/www.juntadeandalucia.es\/averroes\/carambolo\/WEB%20JCLIC2\/Agrega\/Matematicas\/Longitud\/contenido\/ma015_oa03_es\/index.html\" target=\"_blank\">SUMA Y RESTA DE MEDIDAS DE LONGITUD<\/a><\/li>\n<\/ul>\n<\/td>\n<\/tr>\n<tr>\n<td width=\"215\" valign=\"top\"><\/td>\n<td width=\"274\" valign=\"top\">\n<ul><\/ul>\n<\/td>\n<\/tr>\n<tr>\n<td width=\"215\" valign=\"top\">Otras actividades.<\/td>\n<td width=\"274\" valign=\"top\">\n<ul>\n<li><a href=\"http:\/\/w3.cnice.mec.es\/recursos\/primaria\/matematicas\/longitud\/menu.html\" target=\"_blank\">LA LONGITUD<\/a><\/li>\n<li><a href=\"http:\/\/shots.snap.com\/explore\/1092\/?url=http%3A%2F%2Fredes.agrega.indra.es%2Frepositorio%2F13062008%2Fes_20080613_3_9161840%2F%2Findex.html&amp;key=e5a3c1e6dff5de35b1c6e7c470411886&amp;src=pub-2311827-www.wordpress.com&amp;cp=&amp;tol=image\" target=\"_blank\">LA LONGITUD<\/a><\/li>\n<li><a href=\"http:\/\/www.gobiernodecanarias.org\/educacion\/9\/Usr\/eltanque\/todo_mate\/medidas\/longitud\/longitud_1.swf\" target=\"_blank\">MEDIDAS DE LONGITUD<\/a><\/li>\n<li><a href=\"http:\/\/www.juntadeandalucia.es\/averroes\/recursos_informaticos\/andared01\/sistema_metrico\/sistemaMetrico.swf\" target=\"_blank\">LONGITUD<\/a><\/li>\n<li><a href=\"http:\/\/www.aplicaciones.info\/decimales\/siste01.htm\" target=\"_blank\">MEDIDAS DE   LONGITUD<\/a><\/li>\n<li><a href=\"http:\/\/www.genmagic.net\/fisica\/fc22c.swf\" target=\"_blank\">UNIDADES DE   LONGITUD<\/a><\/li>\n<li><a href=\"http:\/\/www.genmagic.org\/mates2\/ml2c.swf\" target=\"_blank\">MEDIMOS\u00a0   OBJETOS<\/a><\/li>\n<\/ul>\n<\/td>\n<\/tr>\n<\/tbody>\n<\/table>\n","protected":false},"excerpt":{"rendered":"<p>Tema 8 \u201c La medida de la longitud\u201d MATEM\u00c1TICAS Tema 8 \u201c La medida de la longitud\u201d CONTENIDOS RECURSOS Las unidades de medida de longitudes: m\u00faltiplos y subm\u00faltiplos. UNIDADES DE LONGITUD. RELACIONES MEDIDAS USUALES MEDIDAS DE LONGITUD SISTEMA M\u00c9TRICO DECIMAL PARA TRABAJAR LA UNIDAD Cambios de unidad. RELACI\u00d3N ENTRE LAS MEDIDAS DE LONGITUD RELACI\u00d3N ENTRE [&hellip;]<\/p>\n","protected":false},"author":6,"featured_media":0,"parent":463,"menu_order":8,"comment_status":"open","ping_status":"open","template":"","meta":[],"_links":{"self":[{"href":"https:\/\/cpcorella.educacion.navarra.es\/blogs\/3ciclo\/wp-json\/wp\/v2\/pages\/488"}],"collection":[{"href":"https:\/\/cpcorella.educacion.navarra.es\/blogs\/3ciclo\/wp-json\/wp\/v2\/pages"}],"about":[{"href":"https:\/\/cpcorella.educacion.navarra.es\/blogs\/3ciclo\/wp-json\/wp\/v2\/types\/page"}],"author":[{"embeddable":true,"href":"https:\/\/cpcorella.educacion.navarra.es\/blogs\/3ciclo\/wp-json\/wp\/v2\/users\/6"}],"replies":[{"embeddable":true,"href":"https:\/\/cpcorella.educacion.navarra.es\/blogs\/3ciclo\/wp-json\/wp\/v2\/comments?post=488"}],"version-history":[{"count":0,"href":"https:\/\/cpcorella.educacion.navarra.es\/blogs\/3ciclo\/wp-json\/wp\/v2\/pages\/488\/revisions"}],"up":[{"embeddable":true,"href":"https:\/\/cpcorella.educacion.navarra.es\/blogs\/3ciclo\/wp-json\/wp\/v2\/pages\/463"}],"wp:attachment":[{"href":"https:\/\/cpcorella.educacion.navarra.es\/blogs\/3ciclo\/wp-json\/wp\/v2\/media?parent=488"}],"curies":[{"name":"wp","href":"https:\/\/api.w.org\/{rel}","templated":true}]}}