{"id":453,"date":"2010-01-17T17:59:53","date_gmt":"2010-01-17T17:59:53","guid":{"rendered":"http:\/\/pitagorines.wordpress.com\/?page_id=453"},"modified":"2010-01-17T17:59:53","modified_gmt":"2010-01-17T17:59:53","slug":"tema-13","status":"publish","type":"page","link":"https:\/\/cpcorella.educacion.navarra.es\/blogs\/3ciclo\/sexto\/lengua\/tema-13\/","title":{"rendered":"Tema 13 \u201c Un partido de futbol\u201d"},"content":{"rendered":"<table border=\"1\" cellspacing=\"0\" cellpadding=\"0\">\n<tbody>\n<tr>\n<td colspan=\"2\" width=\"489\" valign=\"top\">LENGUA \u00a0Tema 13 \u201c   Un partido de futbol\u201d<\/td>\n<\/tr>\n<tr>\n<td width=\"215\" valign=\"top\">CONTENIDOS<\/td>\n<td width=\"274\" valign=\"top\">RECURSOS<\/td>\n<\/tr>\n<tr>\n<td width=\"215\" valign=\"top\">L\u00e9xico: Formaci\u00f3n de palabras, uso de prefijos<\/td>\n<td width=\"274\" valign=\"top\">\n<ul>\n<li><strong><a href=\"http:\/\/www.edu365.cat\/primaria\/muds\/castella\/presuf\/index.htm\" target=\"_blank\">PREFIJOS Y SUFIJOS<\/a> <\/strong><\/li>\n<li><strong><a href=\"http:\/\/www.edu365.cat\/primaria\/muds\/castella\/extraordinaria\/index.htm\" target=\"_blank\">PREFIJOS<\/a> <\/strong><\/li>\n<li><strong><a href=\"http:\/\/centros3.pntic.mec.es\/cp.antonio.de.ulloa\/webactivhotpot\/raiz\/Hot%20Pot\/lengua6\/prefijossufijos\/PREFIJOS%20Y%20SUFIJOS.htm\" target=\"_blank\">SUJIJOS Y PREFIJOS<\/a><\/strong><\/li>\n<\/ul>\n<\/td>\n<\/tr>\n<tr>\n<td width=\"215\" valign=\"top\">\n<ul>\n<li>Gram\u00e1tica:        Clases de oraciones (III): activas y pasivas<\/li>\n<\/ul>\n<\/td>\n<td width=\"274\" valign=\"top\">\n<ul>\n<li><strong> <a href=\"http:\/\/cplosangeles.juntaextremadura.net\/web\/lengua6\/oracion\/indice.htm\" target=\"_blank\">LA ORACI\u00d3N<\/a> <\/strong><\/li>\n<li><strong> <a href=\"http:\/\/www.estudiantes.info\/lengua\/clases-de-oraciones.htm\" target=\"_blank\">CLASES DE ORACIONES<\/a> <\/strong><\/li>\n<li><strong> <a href=\"http:\/\/cplosangeles.juntaextremadura.net\/web\/lengua6\/clasesdeoraciones\/indice.htm\" target=\"_blank\">CLASES DE ORACIONES<\/a> <\/strong><\/li>\n<li><strong> <a href=\"http:\/\/conteni2.educarex.es\/mats\/11762\/contenido\/\" target=\"_blank\">TIPOS        DE ORACIONES<\/a><\/strong><\/li>\n<\/ul>\n<\/td>\n<\/tr>\n<tr>\n<td width=\"215\" valign=\"top\">\n<ul>\n<li>Ortograf\u00eda:        Uso de la ll y de la y<\/li>\n<\/ul>\n<\/td>\n<td width=\"274\" valign=\"top\">\n<ul>\n<li><strong><a href=\"http:\/\/www.iesitalica.es\/Ejemplos_TIC_Lengua\/Italica\/lim\/Ortografia_LL_Y\/y_ll.html\" target=\"_blank\">LA \u201cLL\u201d Y LA \u201cY\u201d<\/a><\/strong><\/li>\n<li><strong><a href=\"http:\/\/contenidos.santillanaenred.com\/jukebox\/servlet\/GetPlayer?p3v=true&amp;xref=200601301049_PRE_0_1929104483&amp;mode=1&amp;rtc=1001&amp;locale=es_ES&amp;cache=false\" target=\"_blank\">LA \u201cLL\u201d Y LA \u201cY\u201d<\/a><\/strong><\/li>\n<li><strong><a href=\"http:\/\/www.edu365.cat\/primaria\/muds\/castella\/ll_y\/index.htm\" target=\"_blank\">IDENTIFICACI\u00d3N DE \u201cLL\u201d E \u201cY\u201d<\/a><\/strong><\/li>\n<li><strong><a href=\"http:\/\/roble.pntic.mec.es\/%7Emsanto1\/ortografia\/elle.htm\" target=\"_blank\">LA \u201cLL\u201d<\/a><\/strong><\/li>\n<li><strong><a href=\"http:\/\/roble.pntic.mec.es\/%7Emsanto1\/ortografia\/ygri.htm\" target=\"_blank\">LA \u201cY\u201d<\/a><\/strong><\/li>\n<li><strong><a href=\"http:\/\/catedu.es\/internos\/recursos\/internet_aula\/sd_gp\/oa04\/versionfinal\/index.html\" target=\"_blank\">PALABRAS CON \u201cLL\u201d Y CON \u201cY\u201d<\/a><\/strong><\/li>\n<li><strong><a href=\"http:\/\/reglasdeortografia.com\/ortoindice.html\" target=\"_blank\">REGLAS        DE ORTOGRAF\u00cdA<\/a><\/strong><\/li>\n<li><strong><a href=\"http:\/\/concurso.cnice.mec.es\/cnice2006\/material100\/index.htm\" target=\"_blank\">EJERCICIOS DE ORTOGRAF\u00cdA<\/a><\/strong><\/li>\n<li><strong><a href=\"http:\/\/www.aplicaciones.info\/ortogra2\/opal5160.htm\" target=\"_blank\">ACTIVIDADES        INTERACTIVAS DE \u201cLL\u201d E \u201cY\u201d<\/a><\/strong><\/li>\n<li><strong><a href=\"http:\/\/contenidos.santillanaenred.com\/jukebox\/servlet\/GetPlayer?p3v=true&amp;xref=200601301049_PRE_0_1929104483&amp;mode=1&amp;rtc=1001&amp;locale=es_ES&amp;cache=false\" target=\"_blank\">LA SOMBRILLA DE PLAYA<\/a><\/strong><\/li>\n<li><strong> <\/strong><\/li>\n<\/ul>\n<\/td>\n<\/tr>\n<tr>\n<td width=\"215\" valign=\"top\"><\/td>\n<td width=\"274\" valign=\"top\">\n<ul>\n<li><\/li>\n<\/ul>\n<\/td>\n<\/tr>\n<tr>\n<td width=\"215\" valign=\"top\"><\/td>\n<td width=\"274\" valign=\"top\"><\/td>\n<\/tr>\n<tr>\n<td width=\"215\" valign=\"top\">Otras actividades.<\/td>\n<td width=\"274\" valign=\"top\"><\/td>\n<\/tr>\n<\/tbody>\n<\/table>\n<p>Recursos:<\/p>\n<ul>\n<li><strong><a href=\"http:\/\/www.edu365.cat\/primaria\/muds\/castella\/presuf\/index.htm\" target=\"_blank\">Prefijos y sufijos<\/a><\/strong><\/li>\n<li><strong><a href=\"http:\/\/www.edu365.cat\/primaria\/muds\/castella\/extraordinaria\/index.htm\" target=\"_blank\">Prefijos<\/a> <\/strong><\/li>\n<li><strong><a href=\"http:\/\/centros3.pntic.mec.es\/cp.antonio.de.ulloa\/webactivhotpot\/raiz\/Hot%20Pot\/lengua6\/prefijossufijos\/PREFIJOS%20Y%20SUFIJOS.htm\" target=\"_blank\">Sujijos y prefijos<\/a> <\/strong><\/li>\n<li><strong><a href=\"http:\/\/cplosangeles.juntaextremadura.net\/web\/lengua6\/oracion\/indice.htm\" target=\"_blank\">La oraci\u00f3n<\/a><\/strong><\/li>\n<li><strong><a href=\"http:\/\/www.estudiantes.info\/lengua\/clases-de-oraciones.htm\" target=\"_blank\">Clases de oraciones<\/a><\/strong><\/li>\n<li><strong><a href=\"http:\/\/cplosangeles.juntaextremadura.net\/web\/lengua6\/clasesdeoraciones\/indice.htm\" target=\"_blank\">Clases de oraciones<\/a><\/strong><\/li>\n<li><strong><a href=\"http:\/\/conteni2.educarex.es\/mats\/11762\/contenido\/\" target=\"_blank\">Tipos de oraciones<\/a><\/strong><\/li>\n<\/ul>\n<ul>\n<li><strong><a href=\"http:\/\/www.iesitalica.es\/Ejemplos_TIC_Lengua\/Italica\/lim\/Ortografia_LL_Y\/y_ll.html\" target=\"_blank\">La \u201cll\u201d y la \u201cy\u201d<\/a><\/strong><\/li>\n<li><strong><a href=\"http:\/\/contenidos.santillanaenred.com\/jukebox\/servlet\/GetPlayer?p3v=true&amp;xref=200601301049_PRE_0_1929104483&amp;mode=1&amp;rtc=1001&amp;locale=es_ES&amp;cache=false\" target=\"_blank\">La \u201cll\u201d y la \u201cy\u201d<\/a><\/strong><\/li>\n<li><strong><a href=\"http:\/\/www.edu365.cat\/primaria\/muds\/castella\/ll_y\/index.htm\" target=\"_blank\">Identificaci\u00f3n de \u201cll\u201d e \u201cy\u201d<\/a><\/strong><\/li>\n<li><strong><a href=\"http:\/\/roble.pntic.mec.es\/%7Emsanto1\/ortografia\/elle.htm\" target=\"_blank\">La \u201cll\u201d<\/a><\/strong><\/li>\n<li><strong><a href=\"http:\/\/roble.pntic.mec.es\/%7Emsanto1\/ortografia\/ygri.htm\" target=\"_blank\">La \u201cy\u201d<\/a><\/strong><\/li>\n<li><strong><a href=\"http:\/\/catedu.es\/internos\/recursos\/internet_aula\/sd_gp\/oa04\/versionfinal\/index.html\" target=\"_blank\">Palabras con \u201cll\u201d y con \u201cy\u201d<\/a><\/strong><\/li>\n<li><strong><a href=\"http:\/\/reglasdeortografia.com\/ortoindice.html\" target=\"_blank\">Reglas de ortograf\u00eda<\/a><\/strong><\/li>\n<li><strong><a href=\"http:\/\/concurso.cnice.mec.es\/cnice2006\/material100\/index.htm\" target=\"_blank\">Ejercicios de ortograf\u00eda<\/a><\/strong><\/li>\n<li><strong><a href=\"http:\/\/www.aplicaciones.info\/ortogra2\/opal5160.htm\" target=\"_blank\">Actividades interactivas de \u201cll\u201d e \u201cy\u201d<\/a><\/strong><\/li>\n<li><strong><a href=\"http:\/\/contenidos.santillanaenred.com\/jukebox\/servlet\/GetPlayer?p3v=true&amp;xref=200601301049_PRE_0_1929104483&amp;mode=1&amp;rtc=1001&amp;locale=es_ES&amp;cache=false\" target=\"_blank\">La sombrilla de playa<\/a><\/strong><\/li>\n<\/ul>\n","protected":false},"excerpt":{"rendered":"<p>LENGUA \u00a0Tema 13 \u201c Un partido de futbol\u201d CONTENIDOS RECURSOS L\u00e9xico: Formaci\u00f3n de palabras, uso de prefijos PREFIJOS Y SUFIJOS PREFIJOS SUJIJOS Y PREFIJOS Gram\u00e1tica: Clases de oraciones (III): activas y pasivas LA ORACI\u00d3N CLASES DE ORACIONES CLASES DE ORACIONES TIPOS DE ORACIONES Ortograf\u00eda: Uso de la ll y de la y LA \u201cLL\u201d Y [&hellip;]<\/p>\n","protected":false},"author":6,"featured_media":0,"parent":423,"menu_order":13,"comment_status":"open","ping_status":"open","template":"","meta":[],"_links":{"self":[{"href":"https:\/\/cpcorella.educacion.navarra.es\/blogs\/3ciclo\/wp-json\/wp\/v2\/pages\/453"}],"collection":[{"href":"https:\/\/cpcorella.educacion.navarra.es\/blogs\/3ciclo\/wp-json\/wp\/v2\/pages"}],"about":[{"href":"https:\/\/cpcorella.educacion.navarra.es\/blogs\/3ciclo\/wp-json\/wp\/v2\/types\/page"}],"author":[{"embeddable":true,"href":"https:\/\/cpcorella.educacion.navarra.es\/blogs\/3ciclo\/wp-json\/wp\/v2\/users\/6"}],"replies":[{"embeddable":true,"href":"https:\/\/cpcorella.educacion.navarra.es\/blogs\/3ciclo\/wp-json\/wp\/v2\/comments?post=453"}],"version-history":[{"count":0,"href":"https:\/\/cpcorella.educacion.navarra.es\/blogs\/3ciclo\/wp-json\/wp\/v2\/pages\/453\/revisions"}],"up":[{"embeddable":true,"href":"https:\/\/cpcorella.educacion.navarra.es\/blogs\/3ciclo\/wp-json\/wp\/v2\/pages\/423"}],"wp:attachment":[{"href":"https:\/\/cpcorella.educacion.navarra.es\/blogs\/3ciclo\/wp-json\/wp\/v2\/media?parent=453"}],"curies":[{"name":"wp","href":"https:\/\/api.w.org\/{rel}","templated":true}]}}