{"id":427,"date":"2010-01-17T17:44:57","date_gmt":"2010-01-17T17:44:57","guid":{"rendered":"http:\/\/pitagorines.wordpress.com\/?page_id=427"},"modified":"2010-01-17T17:44:57","modified_gmt":"2010-01-17T17:44:57","slug":"tema-01","status":"publish","type":"page","link":"https:\/\/cpcorella.educacion.navarra.es\/blogs\/3ciclo\/sexto\/lengua\/tema-01\/","title":{"rendered":"Tema 1 \u201cDon quijote y Sancho\u201d"},"content":{"rendered":"<table border=\"1\" cellspacing=\"0\" cellpadding=\"0\">\n<tbody>\n<tr>\n<td colspan=\"2\" width=\"489\" valign=\"top\">LENGUA \u00a0Tema 1   \u201cDon quijote y Sancho\u201d<\/td>\n<\/tr>\n<tr>\n<td width=\"215\" valign=\"top\">CONTENIDOS<\/td>\n<td width=\"274\" valign=\"top\">RECURSOS<\/td>\n<\/tr>\n<tr>\n<td width=\"215\" valign=\"top\">L\u00e9xico:   Los s\u00edn\u00f3nimos y ant\u00f3nimos<\/td>\n<td width=\"274\" valign=\"top\">\n<ul>\n<li><strong><a href=\"http:\/\/clic.xtec.net\/db\/jclicApplet.jsp?project=http:\/\/clic.xtec.net\/projects\/antosino\/jclic\/antosino.jclic.zip&amp;lang=es&amp;title=Sin%C3%B3nimos+y+ant%C3%B3nimos\" target=\"_blank\">PALABRAS SIN\u00d3NIMAS Y ANT\u00d3NIMAS<\/a> (I)<\/strong><\/li>\n<li><strong><a href=\"http:\/\/www.educa.jcyl.es\/educacyl\/cm\/gallery\/Recursos%20Infinity\/aplicaciones\/lengua\/recursos\/sinonimos\/sinonimosejercicio.htm\" target=\"_blank\">PALABRAS SIN\u00d3NIMAS Y ANT\u00d3NIMAS<\/a> (II)<\/strong><\/li>\n<li><strong><a href=\"http:\/\/roble.pntic.mec.es\/msanto1\/lengua\/sinonima.htm\" target=\"_blank\">PALABRAS SIN\u00d3NIMAS<\/a><\/strong><\/li>\n<li><strong><a href=\"http:\/\/www.juntadeandalucia.es\/averroes\/ceip_san_tesifon\/recursos\/curso5\/hp_5_len\/sinonimos1.htm\" target=\"_blank\">SIN\u00d3NIMOS<\/a><\/strong><\/li>\n<\/ul>\n<p><strong> <\/strong><\/td>\n<\/tr>\n<tr>\n<td width=\"215\" valign=\"top\">Expresi\u00f3n   escrita: Una petici\u00f3n escrita<\/td>\n<td width=\"274\" valign=\"top\"><strong> <\/strong><\/p>\n<ul>\n<li><\/li>\n<\/ul>\n<p><strong> <\/strong><\/td>\n<\/tr>\n<tr>\n<td width=\"215\" valign=\"top\">Ortograf\u00eda:   Reglas de acentuaci\u00f3n.<\/td>\n<td width=\"274\" valign=\"top\">\n<ul>\n<li><strong><a href=\"http:\/\/roble.pntic.mec.es\/msanto1\/ortografia\/acento.htm#Reglas\">EL ACENTO<\/a><\/strong><\/li>\n<li><strong><a href=\"http:\/\/www.juntadeandalucia.es\/averroes\/colegiovirgendetiscar\/profes\/trabajos\/agudas_llanas_esdrujulas\/agudas_llanas_esdrujulas.html\">ACENTUACI\u00d3N<\/a><\/strong><\/li>\n<li><strong><a href=\"http:\/\/clic.xtec.cat\/db\/jclicApplet.jsp?project=http:\/\/clic.xtec.net\/projects\/silacen\/jclic\/silacen.jclic.zip&amp;lang=es&amp;title=Silabas+y+acentuaci%C3%B3n\">ACENTUACI\u00d3N<\/a><\/strong><\/li>\n<li><strong><a href=\"http:\/\/www.olmo.arrakis.es\/educativa\/dictadoag.html\">ACENTUACI\u00d3N<\/a><\/strong><\/li>\n<li><strong><a href=\"http:\/\/www.olmo.arrakis.es\/educativa\/dictadoag_2.html\">DICTADO<\/a><\/strong><\/li>\n<li><strong><a href=\"http:\/\/www.juntadeandalucia.es\/averroes\/recursos_informaticos\/concurso2005\/45\/ficheros\/principal.swf\">DICTADO 2<\/a><\/strong><\/li>\n<li><strong><a href=\"http:\/\/clic.xtec.cat\/db\/jclicApplet.jsp?project=http:\/\/clic.xtec.net\/projects\/acento3\/jclic\/acento3.jclic.zip&amp;lang=es&amp;title=El+acento\">LA ACENTUACI\u00d3N CON DON QUIJOTE<\/a><\/strong><\/li>\n<li><strong><a href=\"http:\/\/clic.xtec.cat\/db\/jclicApplet.jsp?project=http:\/\/clic.xtec.net\/projects\/acento3\/jclic\/acento3.jclic.zip&amp;lang=es&amp;title=El+acento\">EL ACENTO<\/a><\/strong><\/li>\n<li><strong><a href=\"http:\/\/roble.pntic.mec.es\/%7Emsanto1\/lengua\/verbal.htm\" target=\"_blank\">AGUDAS, LLANA Y ESDR\u00daJULAS<\/a><\/strong><\/li>\n<\/ul>\n<p><strong> <\/strong><\/td>\n<\/tr>\n<tr>\n<td width=\"215\" valign=\"top\">Gram\u00e1tica:   La Oraci\u00f3n.<\/td>\n<td width=\"274\" valign=\"top\">\n<ul>\n<li><strong><a href=\"http:\/\/www.xtec.net\/%7Ejgenover\/concor5.htm\" target=\"_blank\">CONCORDANCIA SUJETO Y PREDICADO<\/a> <\/strong><\/li>\n<\/ul>\n<p><strong> <\/strong><\/p>\n<ul>\n<li><strong><a href=\"http:\/\/www.ceipjuanherreraalcausa.es\/Recursosdidacticos\/QUINTO\/Lengua\/U03\/0301_02.htm\" target=\"_blank\">EL ORDEN DE LAS PALABRAS I<\/a> <\/strong><\/li>\n<li><strong><a href=\"http:\/\/www.ceipjuanherreraalcausa.es\/Recursosdidacticos\/QUINTO\/Lengua\/U01\/0102_2.htm\" target=\"_blank\">EL ORDEN DE LAS PALABRAS II<\/a> <\/strong><\/li>\n<\/ul>\n<p><strong> <\/strong><\/td>\n<\/tr>\n<tr>\n<td width=\"215\" valign=\"top\"><\/td>\n<td width=\"274\" valign=\"top\"><\/td>\n<\/tr>\n<tr>\n<td width=\"215\" valign=\"top\">Otras actividades.<\/td>\n<td width=\"274\" valign=\"top\"><\/td>\n<\/tr>\n<\/tbody>\n<\/table>\n<p><strong>Curso de Ortograf\u00eda Espa\u00f1ola <\/strong><\/p>\n<table border=\"1\" cellspacing=\"0\" cellpadding=\"0\">\n<tbody>\n<tr>\n<td colspan=\"4\" width=\"409\" valign=\"top\"><strong>ACENTUACI\u00d3N<\/strong><\/td>\n<\/tr>\n<tr>\n<td width=\"122\" valign=\"top\"><a href=\"http:\/\/www.aulafacil.com\/OrtografEspa%F1ola\/Lecc-1-ortog.htm\">Palabras agudas, llanas y esdr\u00fajulas<br \/>\n<\/a><\/td>\n<td width=\"122\" valign=\"top\"><a href=\"http:\/\/www.aulafacil.com\/OrtografEspa%F1ola\/Lecc-2-ortog.htm\">Reglas generales de acentuaci\u00f3n<\/a><\/td>\n<td width=\"122\" valign=\"top\"><a href=\"http:\/\/www.aulafacil.com\/OrtografEspa%F1ola\/Lecc-3-ortog.htm\">Diptongo <\/a><\/td>\n<td><\/td>\n<\/tr>\n<tr>\n<td width=\"122\" valign=\"top\"><a href=\"http:\/\/www.aulafacil.com\/OrtografEspa%F1ola\/Lecc-4-ortog.htm\">Acentuaci\u00f3n de monos\u00edlabos<\/a><\/td>\n<td width=\"122\" valign=\"top\"><a href=\"http:\/\/www.aulafacil.com\/OrtografEspa%F1ola\/Lecc-5-ortog.htm\">Acentuaci\u00f3n de qu\u00e9, qui\u00e9n, cu\u00e1l, cu\u00e1ndo, \u2026<br \/>\n<\/a><\/td>\n<td width=\"122\" valign=\"top\"><a href=\"http:\/\/www.aulafacil.com\/OrtografEspa%F1ola\/Lecc-6-ortog.htm\">Acentuaci\u00f3n de este, ese, aquel,\u2026<\/a><\/td>\n<td><\/td>\n<\/tr>\n<tr>\n<td width=\"122\" valign=\"top\"><a href=\"http:\/\/www.aulafacil.com\/OrtografEspa%F1ola\/Lecc-7-ortog.htm\">Acentuaci\u00f3n de palabras compuestas<\/a><\/td>\n<td width=\"122\" valign=\"top\"><a href=\"http:\/\/www.aulafacil.com\/OrtografEspa%F1ola\/Lecc-8-ortog.htm\">Acentuaci\u00f3n de \u201csolo\u201d, \u201caun\u201d y adverbios terminados en   \u201c-mente\u201d<\/a><\/td>\n<td width=\"122\" valign=\"top\"><\/td>\n<td><\/td>\n<\/tr>\n<\/tbody>\n<\/table>\n<h3>\n<ul>\n<li>\n<h3><a href=\"http:\/\/www.olmo.arrakis.es\/educativa\/dictadoag.html\">Acentuaci\u00f3n<\/a><\/h3>\n<\/li>\n<li>\n<h3><a href=\"http:\/\/www.olmo.arrakis.es\/educativa\/dictadoag_2.html\">Dictado<\/a><\/h3>\n<\/li>\n<li>\n<h3><a href=\"http:\/\/www.juntadeandalucia.es\/averroes\/recursos_informaticos\/concurso2005\/45\/ficheros\/principal.swf\">Dictado 2<\/a><\/h3>\n<\/li>\n<li>\n<h3><a href=\"http:\/\/clic.xtec.cat\/db\/jclicApplet.jsp?project=http:\/\/clic.xtec.net\/projects\/acento3\/jclic\/acento3.jclic.zip&amp;lang=es&amp;title=El+acento\">La acentuaci\u00f3n con Don Quijote<\/a><\/h3>\n<\/li>\n<li>\n<h3><a href=\"http:\/\/clic.xtec.cat\/db\/jclicApplet.jsp?project=http:\/\/clic.xtec.net\/projects\/acento3\/jclic\/acento3.jclic.zip&amp;lang=es&amp;title=El+acento\">El acento<\/a><\/h3>\n<\/li>\n<li>\n<h3><a href=\"http:\/\/roble.pntic.mec.es\/%7Emsanto1\/lengua\/verbal.htm\" target=\"_blank\">Agudas, llana y esdr\u00fajulas<\/a><\/h3>\n<\/li>\n<\/ul>\n<ul>\n<li>\n<h3><a href=\"http:\/\/clic.xtec.net\/db\/jclicApplet.jsp?project=http:\/\/clic.xtec.net\/projects\/antosino\/jclic\/antosino.jclic.zip&amp;lang=es&amp;title=Sin%C3%B3nimos+y+ant%C3%B3nimos\" target=\"_blank\">Palabras sin\u00f3nimas y ant\u00f3nimas<\/a> (I)<\/h3>\n<\/li>\n<li>\n<h3><a href=\"http:\/\/www.educa.jcyl.es\/educacyl\/cm\/gallery\/Recursos%20Infinity\/aplicaciones\/lengua\/recursos\/sinonimos\/sinonimosejercicio.htm\" target=\"_blank\">Palabras sin\u00f3nimas y ant\u00f3nimas<\/a> (II)<\/h3>\n<\/li>\n<li>\n<h3><a href=\"http:\/\/roble.pntic.mec.es\/msanto1\/lengua\/sinonima.htm\" target=\"_blank\">Palabras sin\u00f3nimas<\/a><\/h3>\n<\/li>\n<li>\n<h3><a href=\"http:\/\/www.juntadeandalucia.es\/averroes\/ceip_san_tesifon\/recursos\/curso5\/hp_5_len\/sinonimos1.htm\" target=\"_blank\">Sin\u00f3nimos<\/a><\/h3>\n<\/li>\n<li>\n<h3><a href=\"http:\/\/www.educa.jcyl.es\/educacyl\/cm\/gallery\/Recursos%20Infinity\/aplicaciones\/lengua\/popup_fullscreen.htm\" target=\"_blank\">Taller<\/a><\/h3>\n<\/li>\n<\/ul>\n<\/h3>\n","protected":false},"excerpt":{"rendered":"<p>LENGUA \u00a0Tema 1 \u201cDon quijote y Sancho\u201d CONTENIDOS RECURSOS L\u00e9xico: Los s\u00edn\u00f3nimos y ant\u00f3nimos PALABRAS SIN\u00d3NIMAS Y ANT\u00d3NIMAS (I) PALABRAS SIN\u00d3NIMAS Y ANT\u00d3NIMAS (II) PALABRAS SIN\u00d3NIMAS SIN\u00d3NIMOS Expresi\u00f3n escrita: Una petici\u00f3n escrita Ortograf\u00eda: Reglas de acentuaci\u00f3n. EL ACENTO ACENTUACI\u00d3N ACENTUACI\u00d3N ACENTUACI\u00d3N DICTADO DICTADO 2 LA ACENTUACI\u00d3N CON DON QUIJOTE EL ACENTO AGUDAS, LLANA Y ESDR\u00daJULAS [&hellip;]<\/p>\n","protected":false},"author":6,"featured_media":0,"parent":423,"menu_order":1,"comment_status":"open","ping_status":"open","template":"","meta":[],"_links":{"self":[{"href":"https:\/\/cpcorella.educacion.navarra.es\/blogs\/3ciclo\/wp-json\/wp\/v2\/pages\/427"}],"collection":[{"href":"https:\/\/cpcorella.educacion.navarra.es\/blogs\/3ciclo\/wp-json\/wp\/v2\/pages"}],"about":[{"href":"https:\/\/cpcorella.educacion.navarra.es\/blogs\/3ciclo\/wp-json\/wp\/v2\/types\/page"}],"author":[{"embeddable":true,"href":"https:\/\/cpcorella.educacion.navarra.es\/blogs\/3ciclo\/wp-json\/wp\/v2\/users\/6"}],"replies":[{"embeddable":true,"href":"https:\/\/cpcorella.educacion.navarra.es\/blogs\/3ciclo\/wp-json\/wp\/v2\/comments?post=427"}],"version-history":[{"count":0,"href":"https:\/\/cpcorella.educacion.navarra.es\/blogs\/3ciclo\/wp-json\/wp\/v2\/pages\/427\/revisions"}],"up":[{"embeddable":true,"href":"https:\/\/cpcorella.educacion.navarra.es\/blogs\/3ciclo\/wp-json\/wp\/v2\/pages\/423"}],"wp:attachment":[{"href":"https:\/\/cpcorella.educacion.navarra.es\/blogs\/3ciclo\/wp-json\/wp\/v2\/media?parent=427"}],"curies":[{"name":"wp","href":"https:\/\/api.w.org\/{rel}","templated":true}]}}