{"id":389,"date":"2010-01-17T16:26:51","date_gmt":"2010-01-17T16:26:51","guid":{"rendered":"http:\/\/pitagorines.wordpress.com\/?page_id=389"},"modified":"2010-01-17T16:26:51","modified_gmt":"2010-01-17T16:26:51","slug":"tema-03","status":"publish","type":"page","link":"https:\/\/cpcorella.educacion.navarra.es\/blogs\/3ciclo\/sexto\/matematicas\/tema-03\/","title":{"rendered":"Tema 3 \u201cPotencias y ra\u00edz cuadrada"},"content":{"rendered":"<table border=\"1\" cellspacing=\"0\" cellpadding=\"0\">\n<tbody>\n<tr>\n<td colspan=\"2\" width=\"489\" valign=\"top\">MATEM\u00c1TICAS Tema 3 \u201cPotencias y ra\u00edz cuadrada<\/td>\n<\/tr>\n<tr>\n<td width=\"215\" valign=\"top\">CONTENIDOS<\/td>\n<td width=\"274\" valign=\"top\">RECURSOS<\/td>\n<\/tr>\n<tr>\n<td width=\"215\" valign=\"top\">Las potencias<\/td>\n<td width=\"274\" valign=\"top\">\n<ul>\n<li><a href=\"http:\/\/www.gobiernodecanarias.org\/educacion\/9\/Usr\/eltanque\/laspotencias\/inicio\/potencias_p.html\" target=\"_blank\">LAS POTENCIAS<\/a><\/li>\n<li><a href=\"http:\/\/www.gobiernodecanarias.org\/educacion\/9\/Usr\/eltanque\/laspotencias\/actividades\/actividades_1p.html\" target=\"_blank\">ACTIVIDADES I<\/a><\/li>\n<li><a href=\"http:\/\/www.genmagic.net\/mates4\/ser7c.swf\" target=\"_blank\">ACTIVIDADES        II<\/a><\/li>\n<li><a href=\"http:\/\/w3.cnice.mec.es\/recursos\/primaria\/matematicas\/conmates\/unid-5\/introduccion.htm\" target=\"_blank\">INTRODUCCI\u00d3N A LAS POTENCIAS<\/a><\/li>\n<li><a href=\"http:\/\/clic.xtec.net\/db\/jclicApplet.jsp?project=http:\/\/clic.xtec.net\/projects\/interfes\/jclic\/interfes.jclic.zip&amp;lang=es\" target=\"_blank\">OPERACIONES: POTENCIAS<\/a><\/li>\n<li><a href=\"http:\/\/w3.cnice.mec.es\/recursos\/primaria\/matematicas\/conmates\/unid-5\/potencia_de_un_n.htm\" target=\"_blank\">POTENCIA DE UN N\u00daMERO NATURAL I<\/a><\/li>\n<li><a href=\"http:\/\/www.primaria.librosvivos.net\/6EP_Mat_cas_act_ud5_Potencia_de_un_numero_natural.html\" target=\"_blank\">POTENCIA DE UN N\u00daMERO NATURAL II<\/a><\/li>\n<li><a href=\"http:\/\/w3.cnice.mec.es\/recursos\/primaria\/matematicas\/conmates\/unid-5\/actividades.htm\" target=\"_blank\">AFIANZAMOS LO APRENDIDO<\/a><\/li>\n<li><a href=\"http:\/\/www.ceipjuanherreraalcausa.es\/Recursosdidacticos\/SEXTO\/Matematicas\/ud02\/0201.htm\" target=\"_blank\">POTENCIAS I<\/a><\/li>\n<li><a href=\"http:\/\/www.juntadeandalucia.es\/averroes\/ceip_san_tesifon\/recursos\/curso6\/matematicas\/matematicas_hp\/potencias\/index.html\" target=\"_blank\">POTENCIAS II<\/a><\/li>\n<li><\/li>\n<li><a href=\"http:\/\/clic.xtec.net\/db\/jclicApplet.jsp?project=http:\/\/clic.xtec.net\/projects\/potencia\/jclic\/potencia.jclic.zip&amp;lang=es\" target=\"_blank\">POTENCIAS<\/a><\/li>\n<li><\/li>\n<\/ul>\n<\/td>\n<\/tr>\n<tr>\n<td width=\"215\" valign=\"top\">Cuadrados y cubos<\/td>\n<td width=\"274\" valign=\"top\">\n<ul>\n<li><a href=\"http:\/\/www.gobiernodecanarias.org\/educacion\/9\/Usr\/eltanque\/laspotencias\/cuadrado\/cuadrados_p.html\" target=\"_blank\">N\u00daMEROS AL CUADRADO<\/a><\/li>\n<li><a href=\"http:\/\/w3.cnice.mec.es\/recursos\/primaria\/matematicas\/conmates\/unid-5\/el-cuadrado-de-un-n.htm\" target=\"_blank\">EL CUADRADO DE UN N\u00daMERO NATURAL<\/a><\/li>\n<li><a href=\"http:\/\/www.gobiernodecanarias.org\/educacion\/9\/Usr\/eltanque\/laspotencias\/cubo\/cubos_p.html\" target=\"_blank\">N\u00daMEROS AL CUBO<\/a><\/li>\n<li><a href=\"http:\/\/w3.cnice.mec.es\/recursos\/primaria\/matematicas\/conmates\/unid-5\/el_cubo_de_un_n.htm\" target=\"_blank\">EL CUBO DE UN N\u00daMERO NATURAL<\/a><\/li>\n<li><\/li>\n<li><\/li>\n<\/ul>\n<\/td>\n<\/tr>\n<tr>\n<td width=\"215\" valign=\"top\">Potencias de base 10<\/td>\n<td width=\"274\" valign=\"top\">\n<ul>\n<li> <a href=\"http:\/\/www.gobiernodecanarias.org\/educacion\/9\/Usr\/eltanque\/laspotencias\/potencias10\/potencias10_p.html\" target=\"_blank\">POTENCIAS DE BASE 10 I<\/a><\/li>\n<li><\/li>\n<li><a href=\"http:\/\/www.ceipjuanherreraalcausa.es\/Recursosdidacticos\/SEXTO\/Matematicas\/ud02\/0202.htm\" target=\"_blank\">POTENCIAS DE BASE 10 II<\/a><\/li>\n<li><a href=\"http:\/\/www.genmagic.net\/mates2\/nc1c.swf\" target=\"_blank\">NOTACI\u00d3N        CIENT\u00cdFICA<\/a><\/li>\n<\/ul>\n<ul>\n<li><\/li>\n<\/ul>\n<\/td>\n<\/tr>\n<tr>\n<td width=\"215\" valign=\"top\">La ra\u00edz cuadrada<\/td>\n<td width=\"274\" valign=\"top\">\n<ul>\n<li><a href=\"http:\/\/www.gobiernodecanarias.org\/educacion\/9\/Usr\/eltanque\/laspotencias\/raiz\/raiz_c_p.html\" target=\"_blank\">LA RA\u00cdZ CUADRADA I<\/a><\/li>\n<li><a href=\"http:\/\/www.clarionweb.es\/6_curso\/jclic6\/matematicas\/potencias_raices\/potencias_raices.htm\" target=\"_blank\">POTENCIAS Y RA\u00cdCES<\/a><\/li>\n<li><a href=\"http:\/\/www.genmagic.org\/mates2\/rc1c.swf\" target=\"_blank\">LA        RA\u00cdZ CUADRADA II<\/a><\/li>\n<li><a href=\"http:\/\/www.ceipjuanherreraalcausa.es\/Recursosdidacticos\/SEXTO\/Matematicas\/ud02\/0203.htm\" target=\"_blank\">RA\u00cdZ CUADRADA<\/a><\/li>\n<li><a href=\"http:\/\/www.gobiernodecanarias.org\/educacion\/9\/Usr\/eltanque\/todo_mate\/raiz\/raiz_6d_p.html\" target=\"_blank\">ALGORITMO DE LA RA\u00cdZ CUADRADA<\/a><\/li>\n<li><a href=\"http:\/\/www.gobiernodecanarias.org\/educacion\/usr\/eltanque\/todo_mate\/raiz_pp\/cuatro_digitos\/raiz_4e_p.html\" target=\"_blank\">RA\u00cdZ CUADRADA DE CUATRO D\u00cdGITOS<\/a><\/li>\n<li><a href=\"http:\/\/www.gobiernodecanarias.org\/educacion\/usr\/eltanque\/todo_mate\/raiz_pp\/cinco_digitos\/raiz_5e_p.html\" target=\"_blank\">RA\u00cdZ CUADRADA DE CINCO D\u00cdGITOS<\/a><\/li>\n<li><a href=\"http:\/\/www.librosvivos.net\/smtc\/homeTC.asp?TemaClave=1129\" target=\"_blank\">POTENCIAS Y RA\u00cdCES<\/a><\/li>\n<li><\/li>\n<\/ul>\n<\/td>\n<\/tr>\n<tr>\n<td width=\"215\" valign=\"top\"><\/td>\n<td width=\"274\" valign=\"top\">\n<ul>\n<li><\/li>\n<\/ul>\n<\/td>\n<\/tr>\n<tr>\n<td width=\"215\" valign=\"top\">Otras actividades.<\/td>\n<td width=\"274\" valign=\"top\">\n<ul>\n<li><a href=\"http:\/\/www.primaria.librosvivos.net\/6EP_Mate_cas_ud5_Autoevaluacion.html\" target=\"_blank\">AUTOEVALUACI\u00d3N DE LA UNIDAD<\/a><\/li>\n<\/ul>\n<\/td>\n<\/tr>\n<\/tbody>\n<\/table>\n<h3>RECURSOS PARA EL TEMA<\/h3>\n<ul>\n<li>\n<h3><a href=\"http:\/\/w3.cnice.mec.es\/eos\/MaterialesEducativos\/primaria\/matematicas\/conmates\/unid-5\/potencias.htm\" target=\"_blank\">Potencias<\/a><\/h3>\n<\/li>\n<li>\n<h3><a href=\"http:\/\/www.genmagic.net\/mates4\/ser7c.swf\" target=\"_blank\">Potencias<\/a><\/h3>\n<\/li>\n<li>\n<h3><a href=\"http:\/\/clic.xtec.cat\/db\/jclicApplet.jsp?project=http:\/\/clic.xtec.net\/projects\/potencia\/jclic\/potencia.jclic.zip&amp;lang=es&amp;title=Potencia\" target=\"_blank\">Potencias<\/a><\/h3>\n<\/li>\n<li>\n<h3><a href=\"http:\/\/www.gobiernodecanarias.org\/educacion\/9\/Usr\/eltanque\/laspotencias\/laspotencias_p.html\" target=\"_blank\">Las potencias<\/a><\/h3>\n<\/li>\n<li>\n<h3><a href=\"http:\/\/www.gobiernodecanarias.org\/educacion\/9\/Usr\/eltanque\/laspotencias\/cuadrado\/cuadrados_p.html\" target=\"_blank\">N\u00fameros al cuadrado<\/a><\/h3>\n<\/li>\n<li>\n<h3><a href=\"http:\/\/www.gobiernodecanarias.org\/educacion\/9\/Usr\/eltanque\/laspotencias\/cubo\/cubos_p.html\" target=\"_blank\">N\u00fameros al cubo<\/a><\/h3>\n<\/li>\n<li>\n<h3><a href=\"http:\/\/www.genmagic.net\/mates2\/nc1c.swf\" target=\"_blank\">Potencias de base 10<\/a><\/h3>\n<\/li>\n<li>\n<h3><a href=\"http:\/\/www.gobiernodecanarias.org\/educacion\/9\/Usr\/eltanque\/todo_mate\/raiz\/raiz_6d_p.html\" target=\"_blank\">Algoritmo de la ra\u00edz cuadrada<\/a><\/h3>\n<\/li>\n<li>\n<h3><a href=\"http:\/\/platea.pntic.mec.es\/anunezca\/ayudas\/algoritmo_raiz\/algoritmo_raiz.htm\" target=\"_blank\">Algoritmo de la ra\u00edz cuadrada<\/a><\/h3>\n<\/li>\n<li>\n<h3><a href=\"http:\/\/www.genmagic.org\/mates2\/rc1c.swf\" target=\"_blank\">Ra\u00edz cuadrada<\/a><\/h3>\n<\/li>\n<li>\n<h3><a href=\"http:\/\/www.gobiernodecanarias.org\/educacion\/9\/Usr\/eltanque\/laspotencias\/raiz\/raiz_c_p.html\" target=\"_blank\">La raiz cuadrada<\/a><\/h3>\n<\/li>\n<li>\n<h3><a href=\"http:\/\/www.gobiernodecanarias.org\/educacion\/9\/Usr\/eltanque\/todo_mate\/raiz_pp\/raizc_e_p.html\" target=\"_blank\">Resolvemos raices cuadradas<\/a><\/h3>\n<\/li>\n<li>\n<h3><a href=\"http:\/\/www.librosvivos.net\/smtc\/homeTC.asp?TemaClave=1129\" target=\"_blank\">Potencias y raices<\/a><\/h3>\n<\/li>\n<li>\n<h3><a href=\"http:\/\/www.reterioja.com\/personales\/fjrodriguez\/6_curso\/matematicas\/potencias_raices\/potencias_raices.htm\" target=\"_blank\">Potencias y ra\u00edces<\/a><\/h3>\n<\/li>\n<li>\n<h3><a href=\"http:\/\/www.aplicaciones.info\/decimales\/potencia.htm\" target=\"_blank\">Potencias y ra\u00edz cuadrada<\/a><\/h3>\n<\/li>\n<\/ul>\n","protected":false},"excerpt":{"rendered":"<p>MATEM\u00c1TICAS Tema 3 \u201cPotencias y ra\u00edz cuadrada CONTENIDOS RECURSOS Las potencias LAS POTENCIAS ACTIVIDADES I ACTIVIDADES II INTRODUCCI\u00d3N A LAS POTENCIAS OPERACIONES: POTENCIAS POTENCIA DE UN N\u00daMERO NATURAL I POTENCIA DE UN N\u00daMERO NATURAL II AFIANZAMOS LO APRENDIDO POTENCIAS I POTENCIAS II POTENCIAS Cuadrados y cubos N\u00daMEROS AL CUADRADO EL CUADRADO DE UN N\u00daMERO NATURAL [&hellip;]<\/p>\n","protected":false},"author":6,"featured_media":0,"parent":376,"menu_order":3,"comment_status":"open","ping_status":"open","template":"","meta":[],"_links":{"self":[{"href":"https:\/\/cpcorella.educacion.navarra.es\/blogs\/3ciclo\/wp-json\/wp\/v2\/pages\/389"}],"collection":[{"href":"https:\/\/cpcorella.educacion.navarra.es\/blogs\/3ciclo\/wp-json\/wp\/v2\/pages"}],"about":[{"href":"https:\/\/cpcorella.educacion.navarra.es\/blogs\/3ciclo\/wp-json\/wp\/v2\/types\/page"}],"author":[{"embeddable":true,"href":"https:\/\/cpcorella.educacion.navarra.es\/blogs\/3ciclo\/wp-json\/wp\/v2\/users\/6"}],"replies":[{"embeddable":true,"href":"https:\/\/cpcorella.educacion.navarra.es\/blogs\/3ciclo\/wp-json\/wp\/v2\/comments?post=389"}],"version-history":[{"count":0,"href":"https:\/\/cpcorella.educacion.navarra.es\/blogs\/3ciclo\/wp-json\/wp\/v2\/pages\/389\/revisions"}],"up":[{"embeddable":true,"href":"https:\/\/cpcorella.educacion.navarra.es\/blogs\/3ciclo\/wp-json\/wp\/v2\/pages\/376"}],"wp:attachment":[{"href":"https:\/\/cpcorella.educacion.navarra.es\/blogs\/3ciclo\/wp-json\/wp\/v2\/media?parent=389"}],"curies":[{"name":"wp","href":"https:\/\/api.w.org\/{rel}","templated":true}]}}